{"id":7480,"date":"2025-03-30T10:39:03","date_gmt":"2025-03-30T08:39:03","guid":{"rendered":"https:\/\/nacaj.cz\/indie\/?page_id=7480"},"modified":"2025-12-05T18:13:09","modified_gmt":"2025-12-05T17:13:09","slug":"ramadan-v-maroku","status":"publish","type":"page","link":"https:\/\/nacaj.cz\/indie\/maroko\/ramadan-v-maroku\/","title":{"rendered":"Ramad\u00e1n v Maroku"},"content":{"rendered":"<div class=\"synved-social-container synved-social-container-share\" style=\"text-align: right\"><a class=\"synved-social-button synved-social-button-share synved-social-size-32 synved-social-resolution-single synved-social-provider-facebook nolightbox\" data-provider=\"facebook\" target=\"_blank\" rel=\"nofollow\" title=\"Sd\u00edlejte na facebook.com\" href=\"https:\/\/www.facebook.com\/sharer.php?u=https%3A%2F%2Fnacaj.cz%2Findie%2Fwp-json%2Fwp%2Fv2%2Fpages%2F7480&#038;t=Ramad%C3%A1n%20v%20Maroku&#038;s=100&#038;p&#091;url&#093;=https%3A%2F%2Fnacaj.cz%2Findie%2Fwp-json%2Fwp%2Fv2%2Fpages%2F7480&#038;p&#091;images&#093;&#091;0&#093;=&#038;p&#091;title&#093;=Ramad%C3%A1n%20v%20Maroku\" style=\"font-size: 0px; width:32px;height:32px;margin:0;margin-bottom:5px;margin-right:5px;\"><img alt=\"Facebook\" title=\"Sd\u00edlejte na facebook.com\" class=\"synved-share-image synved-social-image synved-social-image-share\" width=\"32\" height=\"32\" style=\"display: inline; width:32px;height:32px; margin: 0; padding: 0; border: none; box-shadow: none;\" src=\"https:\/\/nacaj.cz\/indie\/wp-content\/plugins\/social-media-feather\/synved-social\/image\/social\/regular\/64x64\/facebook.png\" \/><\/a><a class=\"synved-social-button synved-social-button-share synved-social-size-32 synved-social-resolution-single synved-social-provider-twitter nolightbox\" data-provider=\"twitter\" target=\"_blank\" rel=\"nofollow\" title=\"Sd\u00edlejte na Twitteru\" href=\"https:\/\/twitter.com\/intent\/tweet?url=https%3A%2F%2Fnacaj.cz%2Findie%2Fwp-json%2Fwp%2Fv2%2Fpages%2F7480&#038;text=Sdd%C3%ADlejte%20s%20p%C5%99%C3%A1teli\" style=\"font-size: 0px; width:32px;height:32px;margin:0;margin-bottom:5px;margin-right:5px;\"><img alt=\"twitter\" title=\"Sd\u00edlejte na Twitteru\" class=\"synved-share-image synved-social-image synved-social-image-share\" width=\"32\" height=\"32\" style=\"display: inline; width:32px;height:32px; margin: 0; padding: 0; border: none; box-shadow: none;\" src=\"https:\/\/nacaj.cz\/indie\/wp-content\/plugins\/social-media-feather\/synved-social\/image\/social\/regular\/64x64\/twitter.png\" \/><\/a><a class=\"synved-social-button synved-social-button-share synved-social-size-32 synved-social-resolution-single synved-social-provider-reddit nolightbox\" data-provider=\"reddit\" target=\"_blank\" rel=\"nofollow\" title=\"Sd\u00edlejte na Reddit\" href=\"https:\/\/www.reddit.com\/submit?url=https%3A%2F%2Fnacaj.cz%2Findie%2Fwp-json%2Fwp%2Fv2%2Fpages%2F7480&#038;title=Ramad%C3%A1n%20v%20Maroku\" style=\"font-size: 0px; width:32px;height:32px;margin:0;margin-bottom:5px;margin-right:5px;\"><img alt=\"reddit\" title=\"Sd\u00edlejte na Reddit\" class=\"synved-share-image synved-social-image synved-social-image-share\" width=\"32\" height=\"32\" style=\"display: inline; width:32px;height:32px; margin: 0; padding: 0; border: none; box-shadow: none;\" src=\"https:\/\/nacaj.cz\/indie\/wp-content\/plugins\/social-media-feather\/synved-social\/image\/social\/regular\/64x64\/reddit.png\" \/><\/a><a class=\"synved-social-button synved-social-button-share synved-social-size-32 synved-social-resolution-single synved-social-provider-pinterest nolightbox\" data-provider=\"pinterest\" target=\"_blank\" rel=\"nofollow\" title=\"Pin it with Pinterest\" href=\"https:\/\/pinterest.com\/pin\/create\/button\/?url=https%3A%2F%2Fnacaj.cz%2Findie%2Fwp-json%2Fwp%2Fv2%2Fpages%2F7480&#038;media=&#038;description=Ramad%C3%A1n%20v%20Maroku\" style=\"font-size: 0px; width:32px;height:32px;margin:0;margin-bottom:5px;margin-right:5px;\"><img alt=\"pinterest\" title=\"Pin it with Pinterest\" class=\"synved-share-image synved-social-image synved-social-image-share\" width=\"32\" height=\"32\" style=\"display: inline; width:32px;height:32px; margin: 0; padding: 0; border: none; box-shadow: none;\" src=\"https:\/\/nacaj.cz\/indie\/wp-content\/plugins\/social-media-feather\/synved-social\/image\/social\/regular\/64x64\/pinterest.png\" \/><\/a><a class=\"synved-social-button synved-social-button-share synved-social-size-32 synved-social-resolution-single synved-social-provider-linkedin nolightbox\" data-provider=\"linkedin\" target=\"_blank\" rel=\"nofollow\" title=\"Sd\u00edlejte na Linkedin\" href=\"https:\/\/www.linkedin.com\/shareArticle?mini=true&#038;url=https%3A%2F%2Fnacaj.cz%2Findie%2Fwp-json%2Fwp%2Fv2%2Fpages%2F7480&#038;title=Ramad%C3%A1n%20v%20Maroku\" style=\"font-size: 0px; width:32px;height:32px;margin:0;margin-bottom:5px;margin-right:5px;\"><img alt=\"linkedin\" title=\"Sd\u00edlejte na Linkedin\" class=\"synved-share-image synved-social-image synved-social-image-share\" width=\"32\" height=\"32\" style=\"display: inline; width:32px;height:32px; margin: 0; padding: 0; border: none; box-shadow: none;\" src=\"https:\/\/nacaj.cz\/indie\/wp-content\/plugins\/social-media-feather\/synved-social\/image\/social\/regular\/64x64\/linkedin.png\" \/><\/a><a class=\"synved-social-button synved-social-button-share synved-social-size-32 synved-social-resolution-single synved-social-provider-tumblr nolightbox\" data-provider=\"tumblr\" target=\"_blank\" rel=\"nofollow\" title=\"Sd\u00edlejte na Tumblr\" href=\"https:\/\/tumblr.com\/share?s=&#038;v=3&#038;t=Ramad%C3%A1n%20v%20Maroku&#038;u=https%3A%2F%2Fnacaj.cz%2Findie%2Fwp-json%2Fwp%2Fv2%2Fpages%2F7480\" style=\"font-size: 0px; width:32px;height:32px;margin:0;margin-bottom:5px;\"><img alt=\"tumblr\" title=\"Sd\u00edlejte na Tumblr\" class=\"synved-share-image synved-social-image synved-social-image-share\" width=\"32\" height=\"32\" style=\"display: inline; width:32px;height:32px; margin: 0; padding: 0; border: none; box-shadow: none;\" src=\"https:\/\/nacaj.cz\/indie\/wp-content\/plugins\/social-media-feather\/synved-social\/image\/social\/regular\/64x64\/tumblr.png\" \/><\/a><\/div><p><a class=\"btn btn-warning\" title=\"Maroko - cestov\u00e1n\u00ed po Maroku\" href=\"https:\/\/nacaj.cz\/indie\/maroko\/\">MAROKO<\/a> &nbsp; <a class=\"btn btn-warning\" title=\"Marak\u00e9\u0161, Maroko\" href=\"https:\/\/nacaj.cz\/indie\/maroko\/marakes\/\">Marak\u00e9\u0161<\/a> &nbsp; <a class=\"btn btn-primary\" title=\"Ramad\u00e1n v Maroku\" href=\"https:\/\/nacaj.cz\/indie\/maroko\/ramadan-v-maroku\/\">Ramad\u00e1n<\/a> &nbsp; <a class=\"btn btn-warning\" title=\"Fotografie z Maroka\" href=\"https:\/\/nacaj.cz\/indie\/maroko\/fotografie-z-maroka\">Fotografie<\/a><\/p>\n<hr>\n<h3>Ramad\u00e1n<\/h3>\n<h4>P\u0159i p\u016fstu se toho sn\u00ed nejv\u00edc. Jak funguj\u00ed isl\u00e1msk\u00e9 zem\u011b v dob\u011b ramad\u00e1nu?<\/h4>\n<h4>Muslimov\u00e9 ve dne odpo\u010d\u00edvaj\u00ed, zato v noci o\u017eij\u00ed. Dr\u017e\u00ed p\u016fst, ale nakonec zkonzumuj\u00ed v\u00edc j\u00eddla ne\u017e jindy.<\/h4>\n<p>&nbsp;<\/p>\n<p>Ramad\u00e1n je m\u011bs\u00edc isl\u00e1msk\u00e9ho lun\u00e1rn\u00edho kalend\u00e1\u0159e. P\u016fst (saum, sawn, sij\u00e1m), kter\u00fd pat\u0159\u00ed k tomuto m\u011bs\u00edci, je p\u016fvodn\u00ed semitsk\u00fd zvyk p\u0159ebran\u00fd od \u017eid\u016f a k\u0159es\u0165an\u016f. V isl\u00e1mu pat\u0159\u00ed p\u016fst mezi p\u011bt pil\u00ed\u0159\u016f isl\u00e1mu a je aktem v\u00edry, v\u00fdrazem o\u010disty, prohlouben\u00ed sebeobrazu ve v\u00ed\u0159e, p\u0159ipomenut\u00edm bo\u017e\u00ed moci a duchovn\u00edho spojen\u00ed s n\u00ed.&nbsp;<\/p>\n<p>Muslimov\u00e9 b\u011bhem m\u011bs\u00edce ramad\u00e1nu slav\u00ed prvn\u00ed bo\u017e\u00ed zjeven\u00ed, kter\u00e9 \u00fadajn\u011b v tomto m\u011bs\u00edci prorok Mohamed obdr\u017eel. Bylo to prvn\u00ed zjeven\u00ed Kor\u00e1nu. Na pam\u011b\u0165 toho dr\u017e\u00ed muslimov\u00e9 cel\u00fd m\u011bs\u00edc zvl\u00e1\u0161tn\u00ed p\u016fst. Ten se naz\u00fdv\u00e1 saum a jeho smyslem je p\u0159ibl\u00ed\u017eit se v\u00edce k duchovn\u00ed podstat\u011b isl\u00e1mu. U\u017e\u00edvaj\u00ed k tomu do\u010dasn\u00e9 z\u0159eknut\u00ed se n\u011bkter\u00fdch pozemsk\u00fdch pot\u0159eb.<\/p>\n<p>Isl\u00e1m vyzn\u00e1v\u00e1 na planet\u011b 1,8 miliardy lid\u00ed a v arabsk\u00fdch \u010di jihoasijsk\u00fdch zem\u00edch je ofici\u00e1ln\u00edm st\u00e1tn\u00edm n\u00e1bo\u017eenstv\u00edm. Jejich fungov\u00e1n\u00ed tak ramad\u00e1n z\u00e1sadn\u011b ovliv\u0148uje. \u00da\u0159ady a banky maj\u00ed zkr\u00e1cenou provozn\u00ed dobu. Restaurace a obchody jsou p\u0159es den polopr\u00e1zdn\u00e9 nebo \u00fapln\u011b zav\u0159en\u00e9. Slu\u017eby i byznys funguj\u00ed jen v utlumen\u00e9m m\u00f3du. V n\u011bkter\u00fdch muslimsk\u00fdch zem\u00edch d\u00e1vaj\u00ed firmy sv\u00fdm zam\u011bstnanc\u016fm dokonce volno po cel\u00fd ramad\u00e1n.<\/p>\n<p>Muslimov\u00e9 b\u011bhem Ramad\u00e1nu nesm\u011bj\u00ed od v\u00fdchodu a\u017e do z\u00e1padu slunce j\u00edst ani p\u00edt. Nasytit se mohou jen b\u011bhem noci. To samoz\u0159ejm\u011b vede k velk\u00e9 \u00fanav\u011b. \u201eI kdy\u017e se o\u010dek\u00e1v\u00e1, \u017ee lid\u00e9 budou b\u011bhem p\u016fstu pokra\u010dovat ve sv\u00fdch b\u011b\u017en\u00fdch \u010dinnostech, net\u0159eba dod\u00e1vat, \u017ee nedostatek tekutin a tak\u00e9 nedostatek j\u00eddla i neobvykl\u00fd re\u017eim si brzy vyb\u00edraj\u00ed svou da\u0148. B\u011bhem postn\u00edho m\u011bs\u00edce lze vid\u011bt, \u017ee lid\u00e9 dr\u017e\u00edc\u00ed p\u016fst maj\u00ed sn\u00ed\u017eenou hladinu energie, jsou v\u00edce unaveni a je pro n\u011b obt\u00ed\u017en\u011bj\u0161\u00ed se soust\u0159edit.&nbsp;<\/p>\n<p>Slaven\u00ed tohoto sv\u00e1tku se odv\u00edj\u00ed od isl\u00e1msk\u00e9ho kalend\u00e1\u0159e kter\u00fd je lun\u00e1rn\u00ed a je tvo\u0159en dvan\u00e1cti m\u011bs\u00edci po dvaceti dev\u00edti \u010di t\u0159iceti dnech. Je tedy krat\u0161\u00ed o 11 dn\u00ed. V d\u016fsledku toho je ramad\u00e1n ka\u017ed\u00fd rok v jin\u00fd \u010das.<\/p>\n<p>Posledn\u00ed roky je ramad\u00e1n o to n\u00e1ro\u010dn\u011bj\u0161\u00ed, \u017ee se kon\u00e1 na ja\u0159e \u010di v l\u00e9t\u011b. A nejen kv\u016fli vysok\u00fdm teplot\u00e1m. Proto\u017ee prakticky v\u0161echny isl\u00e1msk\u00e9 st\u00e1ty le\u017e\u00ed na severn\u00ed polokouli, znamen\u00e1 to z\u00e1rove\u0148, \u017ee den trv\u00e1 v t\u00e9to f\u00e1zi roku podstatn\u011b d\u00e9le ne\u017e noc.<\/p>\n<p>&nbsp;<\/p>\n<hr>\n<p>&nbsp;<\/p>\n<h4>Eid Al Fitr &#8211; Sv\u00e1tek p\u0159eru\u0161en\u00ed p\u016fstu v Maroku<\/h4>\n<h4>&nbsp;<\/h4>\n<p><strong>Eid Al Fitr <\/strong>je muslimsk\u00fd sv\u00e1tek slaven\u00fd po skon\u010den\u00ed ramad\u00e1nu, isl\u00e1msk\u00e9ho m\u011bs\u00edce p\u016fstu.<\/p>\n<p><strong>I v Maroku je to v\u00fdjime\u010dn\u00fd den, kter\u00fd se vyzna\u010duje \u0159adou jedine\u010dn\u00fdch spole\u010densk\u00fdch a n\u00e1bo\u017eensk\u00fdch tradic.<\/strong><\/p>\n<p>Sv\u00e1tek p\u0159eru\u0161en\u00ed p\u016fstu trv\u00e1 t\u0159i dny a ukon\u010duje ramad\u00e1n. Nejpozd\u011bji prvn\u00ed den sv\u00e1tku m\u00e1 v\u011b\u0159\u00edc\u00ed muslim darovat almu\u017enu (zak\u00e1t), kter\u00e1 m\u00e1 vyv\u00e1\u017eit jeho ne\u00famysln\u00e1 pochyben\u00ed b\u011bhem ramad\u00e1nu.<\/p>\n<p>Eid Al Fitr, neboli &#8220; Eid Sghir&#8220; &#8211; Mal\u00fd Eid &#8211; jak se mu \u0159\u00edk\u00e1 v Maroku, je oslava se zvl\u00e1\u0161tn\u00edm v\u00fdznamem, kter\u00e1 ozna\u010duje konec m\u011bs\u00edce Ramad\u00e1nu a za\u010d\u00e1tek Shawwal, des\u00e1t\u00e9ho m\u011bs\u00edce isl\u00e1msk\u00e9ho kalend\u00e1\u0159e.<\/p>\n<p>Sv\u00e1tek p\u0159eru\u0161en\u00ed p\u016fstu je p\u0159\u00edle\u017eitost\u00ed ke str\u00e1ven\u00ed kvalitn\u00edho \u010dasu s rodinou a p\u0159\u00e1teli a k praktikov\u00e1n\u00ed r\u016fzn\u00fdch spole\u010densk\u00fdch a n\u00e1bo\u017eensk\u00fdch ritu\u00e1l\u016f a tradic. V Maroku za\u010d\u00edn\u00e1 sv\u00e1tek obvykle modlitbou Eid, po kter\u00e9 n\u00e1sleduje bohat\u00e1 sn\u00eddan\u011b a n\u00e1v\u0161t\u011bvy rodin.<\/p>\n<h4>Zakat, pil\u00ed\u0159 sv\u00e1tku Eid Al Fitr<\/h4>\n<p>Muslimsk\u00e9 sv\u00e1tky se od ostatn\u00edch p\u0159\u00edle\u017eitost\u00ed z p\u0159edisl\u00e1msk\u00e9 \u00e9ry v\u017edy odli\u0161ovaly t\u00edm, \u017ee byly spojeny s Bohem a jemu zasv\u011bceny.<\/p>\n<p>Zvl\u00e1\u0161tn\u00edm n\u00e1bo\u017eensk\u00fdm rysem sv\u00e1tku je rozd\u00e1v\u00e1n\u00ed &#8222;Zakat Al Fitr,&#8220;, podle kter\u00e9ho muslimov\u00e9 v Maroku zakon\u010duj\u00ed postn\u00ed m\u011bs\u00edc charitativn\u00edmi dary chud\u00fdm nebo pot\u0159ebn\u00fdm ve sv\u00e9m rodinn\u00e9m okol\u00ed nebo sousedstv\u00ed. Zakat, kter\u00fd se \u010dasto rozd\u00e1v\u00e1 v noci p\u0159ed sv\u00e1tkem nebo r\u00e1no v den sv\u00e1tku je pova\u017eov\u00e1n za nejd\u016fle\u017eit\u011bj\u0161\u00ed praktiku sv\u00e1tku.<\/p>\n<p>Tradi\u010dn\u011b se d\u00e1v\u00e1 ve form\u011b z\u00e1kladn\u00edch potravin, jako je p\u0161enice nebo mouka, a\u010dkoli mohou b\u00fdt poskytnuty i jin\u00e9 pot\u0159eby nebo pen\u00edze. Obecn\u011b plat\u00ed, \u017ee za ka\u017ed\u00e9ho \u010dlena rodiny by m\u011bl b\u00fdt d\u00e1n ekvivalent jednoho pytle p\u0161enice.<\/p>\n<p>Tato zvl\u00e1\u0161tn\u00ed n\u00e1bo\u017eensk\u00e1 praxe zaji\u0161\u0165uje, \u017ee i ti nejchud\u0161\u00ed lid\u00e9 maj\u00ed prost\u0159edky, aby si mohli oslavy u\u017e\u00edt.<\/p>\n<p>&nbsp;<\/p>\n<h4>Modlitba, z\u00e1kladn\u00ed prvek sv\u00e1tku Eid Al Fitr<\/h4>\n<p>Modlitba Eid Al Fitr se m\u00edrn\u011b li\u0161\u00ed od obvykl\u00fdch p\u011bti denn\u00edch modliteb. Prov\u00e1d\u00ed se r\u00e1no, asi dvacet minut po v\u00fdchodu slunce, ve v\u0161ech nejkr\u00e1sn\u011bj\u0161\u00edch me\u0161it\u00e1ch po cel\u00e9 zemi.<\/p>\n<p>Mu\u017ei se brzy obl\u00e9kaj\u00ed do sv\u00fdch nejlep\u0161\u00edch &#8222;djellaba&#8220;, ne\u017e se vydaj\u00ed vykonat modlitbu s rodinou a p\u0159\u00e1teli.<\/p>\n<p>Tyto zvl\u00e1\u0161tn\u00ed modlitby se \u010dasto konaj\u00ed venku nebo v &#8222;musalla&#8220;, vyhrazen\u00fdch venkovn\u00edch prostor\u00e1ch, zat\u00edmco v me\u0161it\u00e1ch a na n\u00e1m\u011bst\u00edch se skanduje &#8222;takbeer&#8220;, pok\u0159ik a chv\u00e1la, co\u017e vytv\u00e1\u0159\u00ed duchovn\u00ed atmosf\u00e9ru pro nadch\u00e1zej\u00edc\u00ed den.<\/p>\n<p>Po modlitb\u011b a k\u00e1z\u00e1n\u00ed &#8222;al-khutba&#8220; si v\u011b\u0159\u00edc\u00ed navz\u00e1jem blahop\u0159ej\u00ed a vym\u011b\u0148uj\u00ed si po\u017eehn\u00e1n\u00ed.<\/p>\n<p>&nbsp;<\/p>\n<h4>A kone\u010dn\u011b sn\u00eddan\u011b!<\/h4>\n<p>Pokud je sn\u00eddan\u011b pova\u017eov\u00e1na za nejd\u016fle\u017eit\u011bj\u0161\u00ed j\u00eddlo dne, je sn\u00eddan\u011b na sv\u00e1tek Eid Al Fitr jedn\u00edm z nejd\u016fle\u017eit\u011bj\u0161\u00edch j\u00eddel v roce a p\u0159\u00edle\u017eitost\u00ed, na kterou se v\u0161ichni muslimov\u00e9 v Maroku t\u011b\u0161\u00ed.<\/p>\n<p>Tradi\u010dn\u00ed sladkosti jsou z\u00e1kladem &#8211; feqas, kaab ghzal, mhencha a ghriba jsou hv\u011bzdami dne. V centru pozornosti jsou tak\u00e9 baghrir, pala\u010dinky m\u00e1\u010den\u00e9 v m\u00e1sle a medu, a sladk\u00fd, vlo\u010dkov\u00fd rghayef. Vedle toho se samoz\u0159ejm\u011b pod\u00e1v\u00e1 nepostradateln\u00fd m\u00e1tov\u00fd \u010daj &#8222;atay&#8220; a v pozad\u00ed hraje arabsko-andalusk\u00e1 hudba.<\/p>\n<p>Proto\u017ee je sv\u00e1te\u010dn\u00ed sn\u00edda\u0148ov\u00e1 tabule tak rozmanit\u00e1 a bohat\u00e1, p\u0159\u00edprava tradi\u010dn\u00edch sladkost\u00ed a slan\u00e9ho ob\u010derstven\u00ed obvykle za\u010d\u00edn\u00e1 n\u011bkolik dn\u00ed p\u0159edem.<\/p>\n<p>Pozd\u011bji b\u011bhem dne si marock\u00e9 rodiny d\u00e1vaj\u00ed tak\u00e9 speci\u00e1ln\u00ed ob\u011bd, kter\u00fd se skl\u00e1d\u00e1 z tradi\u010dn\u00edch pokrm\u016f, jako je kuskus, ta\u017e\u00edn, pastilla z mo\u0159sk\u00fdch plod\u016f a pe\u010den\u00e9 ku\u0159e.<\/p>\n<p>&nbsp;<\/p>\n<h4>Sv\u00e1tek Eid Al Fitr: Z\u00e1bava pro celou rodinu<\/h4>\n<p>Sv\u00e1tek p\u0159eru\u0161en\u00ed p\u016fstu je pro d\u011bti velmi v\u00fdjime\u010dn\u00fdm sv\u00e1tkem. Rodi\u010de b\u011bhem ramad\u00e1nu \u010dasto vyr\u00e1\u017eej\u00ed do obchod\u016f a n\u00e1kupn\u00edch center, aby sv\u00fdm d\u011btem nakoupili ok\u00e1zal\u00e9 nov\u00e9 oble\u010den\u00ed na tento den, a po\u0159izuj\u00ed mnoho jejich fotografi\u00ed v nov\u00e9m oble\u010den\u00ed.&nbsp;<br \/>\nD\u011bti tak\u00e9 tradi\u010dn\u011b dost\u00e1vaj\u00ed pen\u00edze a d\u00e1rky a p\u0159ipojuj\u00ed se k rodi\u010d\u016fm na rodinn\u00fdch setk\u00e1n\u00edch.<\/p>\n<p>Eid Al Fitr je tak\u00e9 p\u0159\u00edle\u017eitost\u00ed k uct\u011bn\u00ed a upevn\u011bn\u00ed rodinn\u00fdch vztah\u016f. Jakmile skon\u010d\u00ed sn\u00eddan\u011b, za\u010d\u00edn\u00e1 rodinn\u00e1 prohl\u00eddka.<\/p>\n<p>Man\u017eelsk\u00e9 p\u00e1ry a jejich d\u011bti obvykle nejprve nav\u0161t\u00edv\u00ed rodi\u010de man\u017eela a pozd\u011bji rodinn\u00fd d\u016fm man\u017eelky.&nbsp;<br \/>\nV\u0161ichni \u010dlenov\u00e9 rodiny maj\u00ed na sob\u011b zvl\u00e1\u0161tn\u00ed oble\u010den\u00ed, obvykle tradi\u010dn\u00ed od\u011bv, jak je v Maroku zvykem p\u0159i v\u0161ech n\u00e1bo\u017eensk\u00fdch p\u0159\u00edle\u017eitostech.<\/p>\n<p>\u017deny nos\u00ed &#8222;djellaba&#8220; nebo &#8222;kaftan&#8220; a mu\u017ei si b\u011bhem modliteb na sv\u00e1tek Eid obl\u00e9kaj\u00ed &#8222;ganduru&#8220; nebo &#8222;djellaba&#8220; s tradi\u010dn\u00edmi st\u0159ev\u00edci &#8222;belgha&#8220;.<\/p>\n<p>Eid al Fitr v Maroku je se v\u0161emi sv\u00fdmi radostn\u00fdmi zvyky jednou z nejd\u016fle\u017eit\u011bj\u0161\u00edch p\u0159\u00edle\u017eitost\u00ed v roce.<\/p>\n<p>&nbsp;<\/p>\n<p style=\"text-align: right;\">Zdroje: <a href=\"https:\/\/www.moroccoworldnews.com\/2022\/05\/348753\/eid-al-fitr-in-morocco-joyful-customs-and-traditions\" target=\"_blank\" rel=\"noopener\">moroccoworldnews.com<\/a>&nbsp;| <a href=\"https:\/\/www.businessinfo.cz\/navody\/maroko-souhrnna-teritorialni-informace\/\" target=\"_blank\" rel=\"noopener\">businessinfo.cz<\/a> | <a href=\"https:\/\/cs.wikipedia.org\/wiki\/Ramad%C3%A1n\" target=\"_blank\" rel=\"noopener\">wikipedia<\/a><\/p>\n<div class=\"synved-social-container synved-social-container-share\" style=\"text-align: right\"><a class=\"synved-social-button synved-social-button-share synved-social-size-32 synved-social-resolution-single synved-social-provider-facebook nolightbox\" data-provider=\"facebook\" target=\"_blank\" rel=\"nofollow\" title=\"Sd\u00edlejte na facebook.com\" href=\"https:\/\/www.facebook.com\/sharer.php?u=https%3A%2F%2Fnacaj.cz%2Findie%2Fwp-json%2Fwp%2Fv2%2Fpages%2F7480&#038;t=Ramad%C3%A1n%20v%20Maroku&#038;s=100&#038;p&#091;url&#093;=https%3A%2F%2Fnacaj.cz%2Findie%2Fwp-json%2Fwp%2Fv2%2Fpages%2F7480&#038;p&#091;images&#093;&#091;0&#093;=&#038;p&#091;title&#093;=Ramad%C3%A1n%20v%20Maroku\" style=\"font-size: 0px; width:32px;height:32px;margin:0;margin-bottom:5px;margin-right:5px;\"><img alt=\"Facebook\" title=\"Sd\u00edlejte na facebook.com\" class=\"synved-share-image synved-social-image synved-social-image-share\" width=\"32\" height=\"32\" style=\"display: inline; width:32px;height:32px; margin: 0; padding: 0; border: none; box-shadow: none;\" src=\"https:\/\/nacaj.cz\/indie\/wp-content\/plugins\/social-media-feather\/synved-social\/image\/social\/regular\/64x64\/facebook.png\" \/><\/a><a class=\"synved-social-button synved-social-button-share synved-social-size-32 synved-social-resolution-single synved-social-provider-twitter nolightbox\" data-provider=\"twitter\" target=\"_blank\" rel=\"nofollow\" title=\"Sd\u00edlejte na Twitteru\" href=\"https:\/\/twitter.com\/intent\/tweet?url=https%3A%2F%2Fnacaj.cz%2Findie%2Fwp-json%2Fwp%2Fv2%2Fpages%2F7480&#038;text=Sdd%C3%ADlejte%20s%20p%C5%99%C3%A1teli\" style=\"font-size: 0px; width:32px;height:32px;margin:0;margin-bottom:5px;margin-right:5px;\"><img alt=\"twitter\" title=\"Sd\u00edlejte na Twitteru\" class=\"synved-share-image synved-social-image synved-social-image-share\" width=\"32\" height=\"32\" style=\"display: inline; width:32px;height:32px; margin: 0; padding: 0; border: none; box-shadow: none;\" src=\"https:\/\/nacaj.cz\/indie\/wp-content\/plugins\/social-media-feather\/synved-social\/image\/social\/regular\/64x64\/twitter.png\" \/><\/a><a class=\"synved-social-button synved-social-button-share synved-social-size-32 synved-social-resolution-single synved-social-provider-reddit nolightbox\" data-provider=\"reddit\" target=\"_blank\" rel=\"nofollow\" title=\"Sd\u00edlejte na Reddit\" href=\"https:\/\/www.reddit.com\/submit?url=https%3A%2F%2Fnacaj.cz%2Findie%2Fwp-json%2Fwp%2Fv2%2Fpages%2F7480&#038;title=Ramad%C3%A1n%20v%20Maroku\" style=\"font-size: 0px; width:32px;height:32px;margin:0;margin-bottom:5px;margin-right:5px;\"><img alt=\"reddit\" title=\"Sd\u00edlejte na Reddit\" class=\"synved-share-image synved-social-image synved-social-image-share\" width=\"32\" height=\"32\" style=\"display: inline; width:32px;height:32px; margin: 0; padding: 0; border: none; box-shadow: none;\" src=\"https:\/\/nacaj.cz\/indie\/wp-content\/plugins\/social-media-feather\/synved-social\/image\/social\/regular\/64x64\/reddit.png\" \/><\/a><a class=\"synved-social-button synved-social-button-share synved-social-size-32 synved-social-resolution-single synved-social-provider-pinterest nolightbox\" data-provider=\"pinterest\" target=\"_blank\" rel=\"nofollow\" title=\"Pin it with Pinterest\" href=\"https:\/\/pinterest.com\/pin\/create\/button\/?url=https%3A%2F%2Fnacaj.cz%2Findie%2Fwp-json%2Fwp%2Fv2%2Fpages%2F7480&#038;media=&#038;description=Ramad%C3%A1n%20v%20Maroku\" style=\"font-size: 0px; width:32px;height:32px;margin:0;margin-bottom:5px;margin-right:5px;\"><img alt=\"pinterest\" title=\"Pin it with Pinterest\" class=\"synved-share-image synved-social-image synved-social-image-share\" width=\"32\" height=\"32\" style=\"display: inline; width:32px;height:32px; margin: 0; padding: 0; border: none; box-shadow: none;\" src=\"https:\/\/nacaj.cz\/indie\/wp-content\/plugins\/social-media-feather\/synved-social\/image\/social\/regular\/64x64\/pinterest.png\" \/><\/a><a class=\"synved-social-button synved-social-button-share synved-social-size-32 synved-social-resolution-single synved-social-provider-linkedin nolightbox\" data-provider=\"linkedin\" target=\"_blank\" rel=\"nofollow\" title=\"Sd\u00edlejte na Linkedin\" href=\"https:\/\/www.linkedin.com\/shareArticle?mini=true&#038;url=https%3A%2F%2Fnacaj.cz%2Findie%2Fwp-json%2Fwp%2Fv2%2Fpages%2F7480&#038;title=Ramad%C3%A1n%20v%20Maroku\" style=\"font-size: 0px; width:32px;height:32px;margin:0;margin-bottom:5px;margin-right:5px;\"><img alt=\"linkedin\" title=\"Sd\u00edlejte na Linkedin\" class=\"synved-share-image synved-social-image synved-social-image-share\" width=\"32\" height=\"32\" style=\"display: inline; width:32px;height:32px; margin: 0; padding: 0; border: none; box-shadow: none;\" src=\"https:\/\/nacaj.cz\/indie\/wp-content\/plugins\/social-media-feather\/synved-social\/image\/social\/regular\/64x64\/linkedin.png\" \/><\/a><a class=\"synved-social-button synved-social-button-share synved-social-size-32 synved-social-resolution-single synved-social-provider-tumblr nolightbox\" data-provider=\"tumblr\" target=\"_blank\" rel=\"nofollow\" title=\"Sd\u00edlejte na Tumblr\" href=\"https:\/\/tumblr.com\/share?s=&#038;v=3&#038;t=Ramad%C3%A1n%20v%20Maroku&#038;u=https%3A%2F%2Fnacaj.cz%2Findie%2Fwp-json%2Fwp%2Fv2%2Fpages%2F7480\" style=\"font-size: 0px; width:32px;height:32px;margin:0;margin-bottom:5px;\"><img alt=\"tumblr\" title=\"Sd\u00edlejte na Tumblr\" class=\"synved-share-image synved-social-image synved-social-image-share\" width=\"32\" height=\"32\" style=\"display: inline; width:32px;height:32px; margin: 0; padding: 0; border: none; box-shadow: none;\" src=\"https:\/\/nacaj.cz\/indie\/wp-content\/plugins\/social-media-feather\/synved-social\/image\/social\/regular\/64x64\/tumblr.png\" \/><\/a><\/div>","protected":false},"excerpt":{"rendered":"<p>MAROKO &nbsp; Marak\u00e9\u0161 &nbsp; Ramad\u00e1n &nbsp; Fotografie Ramad\u00e1n P\u0159i p\u016fstu se toho sn\u00ed nejv\u00edc. Jak funguj\u00ed isl\u00e1msk\u00e9 zem\u011b v dob\u011b ramad\u00e1nu? Muslimov\u00e9 ve dne odpo\u010d\u00edvaj\u00ed, zato v noci o\u017eij\u00ed. Dr\u017e\u00ed [&hellip;]<\/p>\n","protected":false},"author":1,"featured_media":0,"parent":7466,"menu_order":0,"comment_status":"closed","ping_status":"closed","template":"","meta":{"ngg_post_thumbnail":0},"yoast_head":"<!-- This site is optimized with the Yoast SEO plugin v16.3 - https:\/\/yoast.com\/wordpress\/plugins\/seo\/ -->\n<title>Ramad\u00e1n v Maroku | Cestov\u00e1n\u00ed: Maroko<\/title>\n<meta name=\"description\" content=\"Ramad\u00e1n. Maroko. Isl\u00e1msk\u00e9 zem\u011b v dob\u011b ramad\u00e1nu. Zvyky a tradice v Maroku. Eid Al Fitr: sv\u00e1tek p\u0159eru\u0161en\u00ed p\u016fstu. Cestov\u00e1n\u00ed Maroko\" \/>\n<meta name=\"robots\" content=\"index, follow, max-snippet:-1, max-image-preview:large, max-video-preview:-1\" \/>\n<link rel=\"canonical\" href=\"https:\/\/nacaj.cz\/indie\/maroko\/ramadan-v-maroku\/\" \/>\n<meta property=\"og:locale\" content=\"cs_CZ\" \/>\n<meta property=\"og:type\" content=\"article\" \/>\n<meta property=\"og:title\" content=\"Ramad\u00e1n v Maroku | Cestov\u00e1n\u00ed: Maroko\" \/>\n<meta property=\"og:description\" content=\"Ramad\u00e1n. Maroko. Isl\u00e1msk\u00e9 zem\u011b v dob\u011b ramad\u00e1nu. Zvyky a tradice v Maroku. Eid Al Fitr: sv\u00e1tek p\u0159eru\u0161en\u00ed p\u016fstu. Cestov\u00e1n\u00ed Maroko\" \/>\n<meta property=\"og:url\" content=\"https:\/\/nacaj.cz\/indie\/maroko\/ramadan-v-maroku\/\" \/>\n<meta property=\"og:site_name\" content=\"INDIE - Cestov\u00e1n\u00ed po Indii\" \/>\n<meta property=\"article:publisher\" content=\"https:\/\/www.facebook.com\/travel.exotika\/\" \/>\n<meta property=\"article:modified_time\" content=\"2025-12-05T17:13:09+00:00\" \/>\n<meta property=\"og:image\" content=\"https:\/\/nacaj.cz\/indie\/wp-content\/uploads\/2017\/11\/Indie-cestovani-po-indii.jpg\" \/>\n\t<meta property=\"og:image:width\" content=\"651\" \/>\n\t<meta property=\"og:image:height\" content=\"530\" \/>\n<meta name=\"twitter:label1\" content=\"Odhadovan\u00e1 doba \u010dten\u00ed\">\n\t<meta name=\"twitter:data1\" content=\"5 minut\">\n<script type=\"application\/ld+json\" class=\"yoast-schema-graph\">{\"@context\":\"https:\/\/schema.org\",\"@graph\":[{\"@type\":\"Organization\",\"@id\":\"https:\/\/nacaj.cz\/indie\/#organization\",\"name\":\"NaCaj.cz\",\"url\":\"https:\/\/nacaj.cz\/indie\/\",\"sameAs\":[\"https:\/\/www.facebook.com\/travel.exotika\/\"],\"logo\":{\"@type\":\"ImageObject\",\"@id\":\"https:\/\/nacaj.cz\/indie\/#logo\",\"inLanguage\":\"cs\",\"url\":\"https:\/\/nacaj.cz\/indie\/wp-content\/uploads\/2018\/01\/Indie-cestovani-po-indii.jpg\",\"contentUrl\":\"https:\/\/nacaj.cz\/indie\/wp-content\/uploads\/2018\/01\/Indie-cestovani-po-indii.jpg\",\"width\":651,\"height\":530,\"caption\":\"NaCaj.cz\"},\"image\":{\"@id\":\"https:\/\/nacaj.cz\/indie\/#logo\"}},{\"@type\":\"WebSite\",\"@id\":\"https:\/\/nacaj.cz\/indie\/#website\",\"url\":\"https:\/\/nacaj.cz\/indie\/\",\"name\":\"INDIE - Cestov\\u00e1n\\u00ed po Indii\",\"description\":\"Cestov\\u00e1n\\u00ed: Exotika :-)\",\"publisher\":{\"@id\":\"https:\/\/nacaj.cz\/indie\/#organization\"},\"potentialAction\":[{\"@type\":\"SearchAction\",\"target\":\"https:\/\/nacaj.cz\/indie\/?s={search_term_string}\",\"query-input\":\"required name=search_term_string\"}],\"inLanguage\":\"cs\"},{\"@type\":\"WebPage\",\"@id\":\"https:\/\/nacaj.cz\/indie\/maroko\/ramadan-v-maroku\/#webpage\",\"url\":\"https:\/\/nacaj.cz\/indie\/maroko\/ramadan-v-maroku\/\",\"name\":\"Ramad\\u00e1n v Maroku | Cestov\\u00e1n\\u00ed: Maroko\",\"isPartOf\":{\"@id\":\"https:\/\/nacaj.cz\/indie\/#website\"},\"datePublished\":\"2025-03-30T08:39:03+00:00\",\"dateModified\":\"2025-12-05T17:13:09+00:00\",\"description\":\"Ramad\\u00e1n. Maroko. Isl\\u00e1msk\\u00e9 zem\\u011b v dob\\u011b ramad\\u00e1nu. Zvyky a tradice v Maroku. Eid Al Fitr: sv\\u00e1tek p\\u0159eru\\u0161en\\u00ed p\\u016fstu. Cestov\\u00e1n\\u00ed Maroko\",\"breadcrumb\":{\"@id\":\"https:\/\/nacaj.cz\/indie\/maroko\/ramadan-v-maroku\/#breadcrumb\"},\"inLanguage\":\"cs\",\"potentialAction\":[{\"@type\":\"ReadAction\",\"target\":[\"https:\/\/nacaj.cz\/indie\/maroko\/ramadan-v-maroku\/\"]}]},{\"@type\":\"BreadcrumbList\",\"@id\":\"https:\/\/nacaj.cz\/indie\/maroko\/ramadan-v-maroku\/#breadcrumb\",\"itemListElement\":[{\"@type\":\"ListItem\",\"position\":1,\"item\":{\"@type\":\"WebPage\",\"@id\":\"https:\/\/nacaj.cz\/indie\/\",\"url\":\"https:\/\/nacaj.cz\/indie\/\",\"name\":\"Dom\\u016f\"}},{\"@type\":\"ListItem\",\"position\":2,\"item\":{\"@type\":\"WebPage\",\"@id\":\"https:\/\/nacaj.cz\/indie\/maroko\/\",\"url\":\"https:\/\/nacaj.cz\/indie\/maroko\/\",\"name\":\"Maroko\"}},{\"@type\":\"ListItem\",\"position\":3,\"item\":{\"@id\":\"https:\/\/nacaj.cz\/indie\/maroko\/ramadan-v-maroku\/#webpage\"}}]}]}<\/script>\n<!-- \/ Yoast SEO plugin. -->","_links":{"self":[{"href":"https:\/\/nacaj.cz\/indie\/wp-json\/wp\/v2\/pages\/7480"}],"collection":[{"href":"https:\/\/nacaj.cz\/indie\/wp-json\/wp\/v2\/pages"}],"about":[{"href":"https:\/\/nacaj.cz\/indie\/wp-json\/wp\/v2\/types\/page"}],"author":[{"embeddable":true,"href":"https:\/\/nacaj.cz\/indie\/wp-json\/wp\/v2\/users\/1"}],"replies":[{"embeddable":true,"href":"https:\/\/nacaj.cz\/indie\/wp-json\/wp\/v2\/comments?post=7480"}],"version-history":[{"count":0,"href":"https:\/\/nacaj.cz\/indie\/wp-json\/wp\/v2\/pages\/7480\/revisions"}],"up":[{"embeddable":true,"href":"https:\/\/nacaj.cz\/indie\/wp-json\/wp\/v2\/pages\/7466"}],"wp:attachment":[{"href":"https:\/\/nacaj.cz\/indie\/wp-json\/wp\/v2\/media?parent=7480"}],"curies":[{"name":"wp","href":"https:\/\/api.w.org\/{rel}","templated":true}]}}