{"id":6518,"date":"2021-01-31T17:48:03","date_gmt":"2021-01-31T16:48:03","guid":{"rendered":"https:\/\/nacaj.cz\/indie\/?page_id=6518"},"modified":"2021-03-24T13:52:37","modified_gmt":"2021-03-24T12:52:37","slug":"bydleni-inspirace","status":"publish","type":"page","link":"https:\/\/nacaj.cz\/indie\/bydleni-inspirace\/","title":{"rendered":"* Inspirace: Architektura"},"content":{"rendered":"<div class=\"synved-social-container synved-social-container-share\" style=\"text-align: right\"><a class=\"synved-social-button synved-social-button-share synved-social-size-32 synved-social-resolution-single synved-social-provider-facebook nolightbox\" data-provider=\"facebook\" target=\"_blank\" rel=\"nofollow\" title=\"Sd\u00edlejte na facebook.com\" href=\"https:\/\/www.facebook.com\/sharer.php?u=https%3A%2F%2Fnacaj.cz%2Findie%2Fwp-json%2Fwp%2Fv2%2Fpages%2F6518&#038;t=%2A%20Inspirace%3A%20Architektura&#038;s=100&#038;p&#091;url&#093;=https%3A%2F%2Fnacaj.cz%2Findie%2Fwp-json%2Fwp%2Fv2%2Fpages%2F6518&#038;p&#091;images&#093;&#091;0&#093;=https%3A%2F%2Fnacaj.cz%2Findie%2Fwp-content%2Fuploads%2F2021%2F01%2FTIJ-ptaci-observator-660x440.jpg&#038;p&#091;title&#093;=%2A%20Inspirace%3A%20Architektura\" style=\"font-size: 0px; width:32px;height:32px;margin:0;margin-bottom:5px;margin-right:5px;\"><img alt=\"Facebook\" title=\"Sd\u00edlejte na facebook.com\" class=\"synved-share-image synved-social-image synved-social-image-share\" width=\"32\" height=\"32\" style=\"display: inline; width:32px;height:32px; margin: 0; padding: 0; border: none; box-shadow: none;\" src=\"https:\/\/nacaj.cz\/indie\/wp-content\/plugins\/social-media-feather\/synved-social\/image\/social\/regular\/64x64\/facebook.png\" \/><\/a><a class=\"synved-social-button synved-social-button-share synved-social-size-32 synved-social-resolution-single synved-social-provider-twitter nolightbox\" data-provider=\"twitter\" target=\"_blank\" rel=\"nofollow\" title=\"Sd\u00edlejte na Twitteru\" href=\"https:\/\/twitter.com\/intent\/tweet?url=https%3A%2F%2Fnacaj.cz%2Findie%2Fwp-json%2Fwp%2Fv2%2Fpages%2F6518&#038;text=Sdd%C3%ADlejte%20s%20p%C5%99%C3%A1teli\" style=\"font-size: 0px; width:32px;height:32px;margin:0;margin-bottom:5px;margin-right:5px;\"><img alt=\"twitter\" title=\"Sd\u00edlejte na Twitteru\" class=\"synved-share-image synved-social-image synved-social-image-share\" width=\"32\" height=\"32\" style=\"display: inline; width:32px;height:32px; margin: 0; padding: 0; border: none; box-shadow: none;\" src=\"https:\/\/nacaj.cz\/indie\/wp-content\/plugins\/social-media-feather\/synved-social\/image\/social\/regular\/64x64\/twitter.png\" \/><\/a><a class=\"synved-social-button synved-social-button-share synved-social-size-32 synved-social-resolution-single synved-social-provider-reddit nolightbox\" data-provider=\"reddit\" target=\"_blank\" rel=\"nofollow\" title=\"Sd\u00edlejte na Reddit\" href=\"https:\/\/www.reddit.com\/submit?url=https%3A%2F%2Fnacaj.cz%2Findie%2Fwp-json%2Fwp%2Fv2%2Fpages%2F6518&#038;title=%2A%20Inspirace%3A%20Architektura\" style=\"font-size: 0px; width:32px;height:32px;margin:0;margin-bottom:5px;margin-right:5px;\"><img alt=\"reddit\" title=\"Sd\u00edlejte na Reddit\" class=\"synved-share-image synved-social-image synved-social-image-share\" width=\"32\" height=\"32\" style=\"display: inline; width:32px;height:32px; margin: 0; padding: 0; border: none; box-shadow: none;\" src=\"https:\/\/nacaj.cz\/indie\/wp-content\/plugins\/social-media-feather\/synved-social\/image\/social\/regular\/64x64\/reddit.png\" \/><\/a><a class=\"synved-social-button synved-social-button-share synved-social-size-32 synved-social-resolution-single synved-social-provider-pinterest nolightbox\" data-provider=\"pinterest\" target=\"_blank\" rel=\"nofollow\" title=\"Pin it with Pinterest\" href=\"https:\/\/pinterest.com\/pin\/create\/button\/?url=https%3A%2F%2Fnacaj.cz%2Findie%2Fwp-json%2Fwp%2Fv2%2Fpages%2F6518&#038;media=https%3A%2F%2Fnacaj.cz%2Findie%2Fwp-content%2Fuploads%2F2021%2F01%2FTIJ-ptaci-observator-660x440.jpg&#038;description=%2A%20Inspirace%3A%20Architektura\" style=\"font-size: 0px; width:32px;height:32px;margin:0;margin-bottom:5px;margin-right:5px;\"><img alt=\"pinterest\" title=\"Pin it with Pinterest\" class=\"synved-share-image synved-social-image synved-social-image-share\" width=\"32\" height=\"32\" style=\"display: inline; width:32px;height:32px; margin: 0; padding: 0; border: none; box-shadow: none;\" src=\"https:\/\/nacaj.cz\/indie\/wp-content\/plugins\/social-media-feather\/synved-social\/image\/social\/regular\/64x64\/pinterest.png\" \/><\/a><a class=\"synved-social-button synved-social-button-share synved-social-size-32 synved-social-resolution-single synved-social-provider-linkedin nolightbox\" data-provider=\"linkedin\" target=\"_blank\" rel=\"nofollow\" title=\"Sd\u00edlejte na Linkedin\" href=\"https:\/\/www.linkedin.com\/shareArticle?mini=true&#038;url=https%3A%2F%2Fnacaj.cz%2Findie%2Fwp-json%2Fwp%2Fv2%2Fpages%2F6518&#038;title=%2A%20Inspirace%3A%20Architektura\" style=\"font-size: 0px; width:32px;height:32px;margin:0;margin-bottom:5px;margin-right:5px;\"><img alt=\"linkedin\" title=\"Sd\u00edlejte na Linkedin\" class=\"synved-share-image synved-social-image synved-social-image-share\" width=\"32\" height=\"32\" style=\"display: inline; width:32px;height:32px; margin: 0; padding: 0; border: none; box-shadow: none;\" src=\"https:\/\/nacaj.cz\/indie\/wp-content\/plugins\/social-media-feather\/synved-social\/image\/social\/regular\/64x64\/linkedin.png\" \/><\/a><a class=\"synved-social-button synved-social-button-share synved-social-size-32 synved-social-resolution-single synved-social-provider-tumblr nolightbox\" data-provider=\"tumblr\" target=\"_blank\" rel=\"nofollow\" title=\"Sd\u00edlejte na Tumblr\" href=\"https:\/\/tumblr.com\/share?s=&#038;v=3&#038;t=%2A%20Inspirace%3A%20Architektura&#038;u=https%3A%2F%2Fnacaj.cz%2Findie%2Fwp-json%2Fwp%2Fv2%2Fpages%2F6518\" style=\"font-size: 0px; width:32px;height:32px;margin:0;margin-bottom:5px;\"><img alt=\"tumblr\" title=\"Sd\u00edlejte na Tumblr\" class=\"synved-share-image synved-social-image synved-social-image-share\" width=\"32\" height=\"32\" style=\"display: inline; width:32px;height:32px; margin: 0; padding: 0; border: none; box-shadow: none;\" src=\"https:\/\/nacaj.cz\/indie\/wp-content\/plugins\/social-media-feather\/synved-social\/image\/social\/regular\/64x64\/tumblr.png\" \/><\/a><\/div><h4><span style=\"color: #339966;\"><strong>LIVING<\/strong>:<\/span>&nbsp; <span style=\"color: #808080;\"><span style=\"color: #999999;\">bydlen\u00ed, stav\u011bn\u00ed, materi\u00e1ly, inspirac<\/span>e<\/span><\/h4>\n<h4>| <a href=\"https:\/\/nacaj.cz\/indie\/bydleni\/\">stavba<\/a> | <a href=\"https:\/\/nacaj.cz\/indie\/solarni-energie\/\">sol\u00e1rn\u00ed energie<\/a> | <a href=\"https:\/\/nacaj.cz\/indie\/bydleni-inspirace\/\">inspirace<\/a> |<\/h4>\n<hr>\n<h4>Cabin on the border&nbsp;<\/h4>\n<p><a href=\"https:\/\/www.archdaily.com\/896403\/cabin-on-the-border-so-architecture-and-ideas\" target=\"_blank\" rel=\"noopener\">archdaily.com\/896403\/cabin-on-the-border-so-architecture-and-ideas<\/a><\/p>\n<p>Chata &#8211; Modul\u00e1rn\u00ed konstrukce a&nbsp;d\u0159evo.&nbsp;18 m\u00b2 po rozlo\u017een\u00ed&nbsp;20 m\u00b2<\/p>\n<p>\u010cl\u00e1nek a fotografie:&nbsp;<span id=\"copylink\"><a href=\"https:\/\/www.drevostavitel.cz\/clanek\/kompletne-zarizena-chata-kterou-lze-snadno-prevezt-vyrobce-vsadil-na-cenu\" target=\"_blank\" rel=\"noopener\">drevostavitel.cz\/&#8230;<\/a><\/span><\/p>\n<hr>\n<h4>Tij Observatory<br \/>\n<small>&#8222;<strong>Vejce<\/strong>&#8220; &#8211; pta\u010d\u00ed observato\u0159, Holandsko<\/small><\/h4>\n<p>RAU architects + RO&amp;AD Architecten 2018<br \/>\n<a href=\"https:\/\/www.archdaily.com\/915456\/tij-observatory-ro-and-ad-architecten\" target=\"_blank\" rel=\"noopener\">archdaily.com\/915456\/tij-observatory-ro-and-ad-architecten<\/a><br \/>\n<a href=\"https:\/\/www.arch2o.com\/tij-observatory-rau-architects-road-architecten\/\" target=\"_blank\" rel=\"noopener\">arch2o.com\/tij-observatory-rau-architects-road-architecten\/<\/a><\/p>\n<p><a href=\"https:\/\/nacaj.cz\/indie\/wp-content\/uploads\/2021\/01\/TIJ-ptaci-observator.jpg\"><img loading=\"lazy\" class=\"size-medium wp-image-6526 alignnone\" src=\"https:\/\/nacaj.cz\/indie\/wp-content\/uploads\/2021\/01\/TIJ-ptaci-observator-660x440.jpg\" alt=\"\" width=\"660\" height=\"440\" srcset=\"https:\/\/nacaj.cz\/indie\/wp-content\/uploads\/2021\/01\/TIJ-ptaci-observator-660x440.jpg 660w, https:\/\/nacaj.cz\/indie\/wp-content\/uploads\/2021\/01\/TIJ-ptaci-observator-150x100.jpg 150w, https:\/\/nacaj.cz\/indie\/wp-content\/uploads\/2021\/01\/TIJ-ptaci-observator-768x512.jpg 768w, https:\/\/nacaj.cz\/indie\/wp-content\/uploads\/2021\/01\/TIJ-ptaci-observator-900x600.jpg 900w, https:\/\/nacaj.cz\/indie\/wp-content\/uploads\/2021\/01\/TIJ-ptaci-observator.jpg 1200w\" sizes=\"(max-width: 660px) 100vw, 660px\" \/><\/a><\/p>\n<p>&nbsp;<\/p>\n<h3>Odkazy na \u010dl\u00e1nky<\/h3>\n<p>&nbsp;<\/p>\n<p><a href=\"https:\/\/www.drevoprozivot.cz\/drevena-stavba-roku\/male-drevene-konstrukce-realizace-2021\" target=\"_blank\" rel=\"noopener\">drevoprozivot.cz\/drevena-stavba-roku\/male-drevene-konstrukce-realizace-2021<\/a><\/p>\n<ul>\n<li><a href=\"https:\/\/www.drevoprozivot.cz\/drevena-stavba-roku\/male-drevene-konstrukce-realizace-2021\/bouda-z-prirodnich-materialu\" target=\"_blank\" rel=\"noopener\">drevoprozivot.cz\/&#8230;\/bouda-z-prirodnich-materialu<\/a><\/li>\n<li><a href=\"https:\/\/www.drevoprozivot.cz\/drevena-stavba-roku\/male-drevene-konstrukce-realizace-2021\/mobilni-utulna-aranka\" target=\"_blank\" rel=\"noopener\">Mobiln\u00ed \u00fatulna Aranka<\/a><\/li>\n<\/ul>\n<p><a href=\"https:\/\/martinkoznar.cz\/\" target=\"_blank\" rel=\"noopener\"><strong>Martin Ko\u017enar<\/strong> Architekt s.r.o.<\/a><\/p>\n<ul>\n<li><a href=\"https:\/\/martinkoznar.cz\/fullscreen\/aranka-v-orechu\" target=\"_blank\" rel=\"noopener\">martinkoznar.cz\/fullscreen\/aranka-v-orechu<\/a><\/li>\n<li><a href=\"https:\/\/martinkoznar.cz\/fullscreen\/aranka-hideandseek-cz\" target=\"_blank\" rel=\"noopener\">martinkoznar.cz\/fullscreen\/aranka-hideandseek-cz<\/a><\/li>\n<\/ul>\n<p><a href=\"https:\/\/nacaj.cz\/indie\/wp-content\/uploads\/2021\/03\/martinkoznar.cz-aranka-hideandseek.png\"><img loading=\"lazy\" class=\"size-thumbnail wp-image-6911\" src=\"https:\/\/nacaj.cz\/indie\/wp-content\/uploads\/2021\/03\/martinkoznar.cz-aranka-hideandseek-150x92.png\" alt=\"\" width=\"150\" height=\"92\" srcset=\"https:\/\/nacaj.cz\/indie\/wp-content\/uploads\/2021\/03\/martinkoznar.cz-aranka-hideandseek-150x92.png 150w, https:\/\/nacaj.cz\/indie\/wp-content\/uploads\/2021\/03\/martinkoznar.cz-aranka-hideandseek-660x407.png 660w, https:\/\/nacaj.cz\/indie\/wp-content\/uploads\/2021\/03\/martinkoznar.cz-aranka-hideandseek-900x555.png 900w, https:\/\/nacaj.cz\/indie\/wp-content\/uploads\/2021\/03\/martinkoznar.cz-aranka-hideandseek-768x473.png 768w, https:\/\/nacaj.cz\/indie\/wp-content\/uploads\/2021\/03\/martinkoznar.cz-aranka-hideandseek.png 1200w\" sizes=\"(max-width: 150px) 100vw, 150px\" \/><\/a> <a href=\"https:\/\/nacaj.cz\/indie\/wp-content\/uploads\/2021\/03\/martinkoznar.cz-aranka-v-orechu.png\"><img loading=\"lazy\" class=\"size-thumbnail wp-image-6912 alignnone\" src=\"https:\/\/nacaj.cz\/indie\/wp-content\/uploads\/2021\/03\/martinkoznar.cz-aranka-v-orechu-150x93.png\" alt=\"\" width=\"150\" height=\"93\" srcset=\"https:\/\/nacaj.cz\/indie\/wp-content\/uploads\/2021\/03\/martinkoznar.cz-aranka-v-orechu-150x93.png 150w, https:\/\/nacaj.cz\/indie\/wp-content\/uploads\/2021\/03\/martinkoznar.cz-aranka-v-orechu-660x408.png 660w, https:\/\/nacaj.cz\/indie\/wp-content\/uploads\/2021\/03\/martinkoznar.cz-aranka-v-orechu-768x474.png 768w, https:\/\/nacaj.cz\/indie\/wp-content\/uploads\/2021\/03\/martinkoznar.cz-aranka-v-orechu.png 845w\" sizes=\"(max-width: 150px) 100vw, 150px\" \/><\/a> <a href=\"https:\/\/nacaj.cz\/indie\/wp-content\/uploads\/2021\/03\/martinkoznar.cz-2021.03.24.png\"><img loading=\"lazy\" class=\"size-thumbnail wp-image-6913 alignnone\" src=\"https:\/\/nacaj.cz\/indie\/wp-content\/uploads\/2021\/03\/martinkoznar.cz-2021.03.24-150x94.png\" alt=\"\" width=\"150\" height=\"94\" srcset=\"https:\/\/nacaj.cz\/indie\/wp-content\/uploads\/2021\/03\/martinkoznar.cz-2021.03.24-150x94.png 150w, https:\/\/nacaj.cz\/indie\/wp-content\/uploads\/2021\/03\/martinkoznar.cz-2021.03.24-660x412.png 660w, https:\/\/nacaj.cz\/indie\/wp-content\/uploads\/2021\/03\/martinkoznar.cz-2021.03.24-900x562.png 900w, https:\/\/nacaj.cz\/indie\/wp-content\/uploads\/2021\/03\/martinkoznar.cz-2021.03.24-768x480.png 768w, https:\/\/nacaj.cz\/indie\/wp-content\/uploads\/2021\/03\/martinkoznar.cz-2021.03.24.png 1200w\" sizes=\"(max-width: 150px) 100vw, 150px\" \/><\/a><\/p>\n<p>&nbsp;<\/p>\n<hr>\n<p>&nbsp;<\/p>\n<h4>Prodej dom\u016f v It\u00e1lii<\/h4>\n<p>Italsk\u00e9 m\u011bste\u010dko prod\u00e1v\u00e1 domy za hubi\u010dku. N\u011bkter\u00e9 ani nevy\u017eaduj\u00ed renovaci<br \/>\n<a href=\"https:\/\/www.novinky.cz\/cestovani\/clanek\/italske-mestecko-prodava-domy-za-hubicku-nektere-ani-nevyzaduji-renovaci-40349549#utm_source=nacaj.cz\" target=\"_blank\" rel=\"noopener\">novinky.cz\/cestovani\/&#8230;<\/a><\/p>\n<p>&nbsp;<\/p>\n<hr>\n<p>&nbsp;<\/p>\n<p>&nbsp;<\/p>\n<p>&nbsp;<\/p>\n<p>&nbsp;<\/p>\n<p>&nbsp;<\/p>\n<h4><span style=\"color: #808080;\">Jin\u00e9 \u010dl\u00e1nky:&nbsp;<\/span><\/h4>\n<ul>\n<li><span style=\"color: #333399;\"><a style=\"color: #333399;\" href=\"https:\/\/nacaj.cz\/indie\/solarni-energie\/\">Sol\u00e1rn\u00ed energie<\/a><\/span><\/li>\n<li><span style=\"color: #333399;\"><a style=\"color: #333399;\" title=\"Fotovoltaika: Sol\u00e1rn\u00ed panely: typy sol\u00e1rn\u00edch panel\u016f: srovn\u00e1n\u00ed\" href=\"https:\/\/nacaj.cz\/indie\/fotovoltaika-solarni-panely\/\">Fotovoltaika: Sol\u00e1rn\u00ed panely: typy sol\u00e1rn\u00edch panel\u016f<\/a><\/span><\/li>\n<li><span style=\"color: #333399;\"><a style=\"color: #333399;\" title=\"Pas\u00edvn\u00ed sol\u00e1rn\u00ed syst\u00e9m k oh\u0159evu vzduchu a akumulaci tepla\" href=\"https:\/\/nacaj.cz\/indie\/pasivni-solarni-systemy\/\">Pas\u00edvn\u00ed sol\u00e1rn\u00ed syst\u00e9m k oh\u0159evu vzduchu a akumulaci tepla<\/a><\/span><\/li>\n<li><span style=\"color: #333399;\"><a style=\"color: #333399;\" title=\"Architektura - bydlen\u00ed - inspirace\" href=\"https:\/\/nacaj.cz\/indie\/bydleni-inspirace\/\">Architektura &#8211; bydlen\u00ed &#8211; inspirace<\/a><\/span><\/li>\n<li><span style=\"color: #333399;\"><a style=\"color: #333399;\" title=\"Kvalitn\u00ed webhosting v \u010cech\u00e1ch za dobrou cenu\" href=\"https:\/\/nacaj.cz\/indie\/kvalitni-webhosting-za-dobrou-cenu\/\">Kvalitn\u00ed webhosting v \u010cech\u00e1ch za dobrou cenu<\/a><\/span><\/li>\n<li><span style=\"color: #333399;\"><a style=\"color: #333399;\" title=\"Recenze HP Pavilion 15-cw\" href=\"https:\/\/nacaj.cz\/indie\/hp-pavilion-15-cw\/\">HP Pavilion 15-cw, notebook kter\u00fd se nepovedl<\/a><\/span><\/li>\n<\/ul>\n<div class=\"synved-social-container synved-social-container-share\" style=\"text-align: right\"><a class=\"synved-social-button synved-social-button-share synved-social-size-32 synved-social-resolution-single synved-social-provider-facebook nolightbox\" data-provider=\"facebook\" target=\"_blank\" rel=\"nofollow\" title=\"Sd\u00edlejte na facebook.com\" href=\"https:\/\/www.facebook.com\/sharer.php?u=https%3A%2F%2Fnacaj.cz%2Findie%2Fwp-json%2Fwp%2Fv2%2Fpages%2F6518&#038;t=%2A%20Inspirace%3A%20Architektura&#038;s=100&#038;p&#091;url&#093;=https%3A%2F%2Fnacaj.cz%2Findie%2Fwp-json%2Fwp%2Fv2%2Fpages%2F6518&#038;p&#091;images&#093;&#091;0&#093;=https%3A%2F%2Fnacaj.cz%2Findie%2Fwp-content%2Fuploads%2F2021%2F01%2FTIJ-ptaci-observator-660x440.jpg&#038;p&#091;title&#093;=%2A%20Inspirace%3A%20Architektura\" style=\"font-size: 0px; width:32px;height:32px;margin:0;margin-bottom:5px;margin-right:5px;\"><img alt=\"Facebook\" title=\"Sd\u00edlejte na facebook.com\" class=\"synved-share-image synved-social-image synved-social-image-share\" width=\"32\" height=\"32\" style=\"display: inline; width:32px;height:32px; margin: 0; padding: 0; border: none; box-shadow: none;\" src=\"https:\/\/nacaj.cz\/indie\/wp-content\/plugins\/social-media-feather\/synved-social\/image\/social\/regular\/64x64\/facebook.png\" \/><\/a><a class=\"synved-social-button synved-social-button-share synved-social-size-32 synved-social-resolution-single synved-social-provider-twitter nolightbox\" data-provider=\"twitter\" target=\"_blank\" rel=\"nofollow\" title=\"Sd\u00edlejte na Twitteru\" href=\"https:\/\/twitter.com\/intent\/tweet?url=https%3A%2F%2Fnacaj.cz%2Findie%2Fwp-json%2Fwp%2Fv2%2Fpages%2F6518&#038;text=Sdd%C3%ADlejte%20s%20p%C5%99%C3%A1teli\" style=\"font-size: 0px; width:32px;height:32px;margin:0;margin-bottom:5px;margin-right:5px;\"><img alt=\"twitter\" title=\"Sd\u00edlejte na Twitteru\" class=\"synved-share-image synved-social-image synved-social-image-share\" width=\"32\" height=\"32\" style=\"display: inline; width:32px;height:32px; margin: 0; padding: 0; border: none; box-shadow: none;\" src=\"https:\/\/nacaj.cz\/indie\/wp-content\/plugins\/social-media-feather\/synved-social\/image\/social\/regular\/64x64\/twitter.png\" \/><\/a><a class=\"synved-social-button synved-social-button-share synved-social-size-32 synved-social-resolution-single synved-social-provider-reddit nolightbox\" data-provider=\"reddit\" target=\"_blank\" rel=\"nofollow\" title=\"Sd\u00edlejte na Reddit\" href=\"https:\/\/www.reddit.com\/submit?url=https%3A%2F%2Fnacaj.cz%2Findie%2Fwp-json%2Fwp%2Fv2%2Fpages%2F6518&#038;title=%2A%20Inspirace%3A%20Architektura\" style=\"font-size: 0px; width:32px;height:32px;margin:0;margin-bottom:5px;margin-right:5px;\"><img alt=\"reddit\" title=\"Sd\u00edlejte na Reddit\" class=\"synved-share-image synved-social-image synved-social-image-share\" width=\"32\" height=\"32\" style=\"display: inline; width:32px;height:32px; margin: 0; padding: 0; border: none; box-shadow: none;\" src=\"https:\/\/nacaj.cz\/indie\/wp-content\/plugins\/social-media-feather\/synved-social\/image\/social\/regular\/64x64\/reddit.png\" \/><\/a><a class=\"synved-social-button synved-social-button-share synved-social-size-32 synved-social-resolution-single synved-social-provider-pinterest nolightbox\" data-provider=\"pinterest\" target=\"_blank\" rel=\"nofollow\" title=\"Pin it with Pinterest\" href=\"https:\/\/pinterest.com\/pin\/create\/button\/?url=https%3A%2F%2Fnacaj.cz%2Findie%2Fwp-json%2Fwp%2Fv2%2Fpages%2F6518&#038;media=https%3A%2F%2Fnacaj.cz%2Findie%2Fwp-content%2Fuploads%2F2021%2F01%2FTIJ-ptaci-observator-660x440.jpg&#038;description=%2A%20Inspirace%3A%20Architektura\" style=\"font-size: 0px; width:32px;height:32px;margin:0;margin-bottom:5px;margin-right:5px;\"><img alt=\"pinterest\" title=\"Pin it with Pinterest\" class=\"synved-share-image synved-social-image synved-social-image-share\" width=\"32\" height=\"32\" style=\"display: inline; width:32px;height:32px; margin: 0; padding: 0; border: none; box-shadow: none;\" src=\"https:\/\/nacaj.cz\/indie\/wp-content\/plugins\/social-media-feather\/synved-social\/image\/social\/regular\/64x64\/pinterest.png\" \/><\/a><a class=\"synved-social-button synved-social-button-share synved-social-size-32 synved-social-resolution-single synved-social-provider-linkedin nolightbox\" data-provider=\"linkedin\" target=\"_blank\" rel=\"nofollow\" title=\"Sd\u00edlejte na Linkedin\" href=\"https:\/\/www.linkedin.com\/shareArticle?mini=true&#038;url=https%3A%2F%2Fnacaj.cz%2Findie%2Fwp-json%2Fwp%2Fv2%2Fpages%2F6518&#038;title=%2A%20Inspirace%3A%20Architektura\" style=\"font-size: 0px; width:32px;height:32px;margin:0;margin-bottom:5px;margin-right:5px;\"><img alt=\"linkedin\" title=\"Sd\u00edlejte na Linkedin\" class=\"synved-share-image synved-social-image synved-social-image-share\" width=\"32\" height=\"32\" style=\"display: inline; width:32px;height:32px; margin: 0; padding: 0; border: none; box-shadow: none;\" src=\"https:\/\/nacaj.cz\/indie\/wp-content\/plugins\/social-media-feather\/synved-social\/image\/social\/regular\/64x64\/linkedin.png\" \/><\/a><a class=\"synved-social-button synved-social-button-share synved-social-size-32 synved-social-resolution-single synved-social-provider-tumblr nolightbox\" data-provider=\"tumblr\" target=\"_blank\" rel=\"nofollow\" title=\"Sd\u00edlejte na Tumblr\" href=\"https:\/\/tumblr.com\/share?s=&#038;v=3&#038;t=%2A%20Inspirace%3A%20Architektura&#038;u=https%3A%2F%2Fnacaj.cz%2Findie%2Fwp-json%2Fwp%2Fv2%2Fpages%2F6518\" style=\"font-size: 0px; width:32px;height:32px;margin:0;margin-bottom:5px;\"><img alt=\"tumblr\" title=\"Sd\u00edlejte na Tumblr\" class=\"synved-share-image synved-social-image synved-social-image-share\" width=\"32\" height=\"32\" style=\"display: inline; width:32px;height:32px; margin: 0; padding: 0; border: none; box-shadow: none;\" src=\"https:\/\/nacaj.cz\/indie\/wp-content\/plugins\/social-media-feather\/synved-social\/image\/social\/regular\/64x64\/tumblr.png\" \/><\/a><\/div>","protected":false},"excerpt":{"rendered":"<p>LIVING:&nbsp; bydlen\u00ed, stav\u011bn\u00ed, materi\u00e1ly, inspirace | stavba | sol\u00e1rn\u00ed energie | inspirace | Cabin on the border&nbsp; archdaily.com\/896403\/cabin-on-the-border-so-architecture-and-ideas Chata &#8211; Modul\u00e1rn\u00ed konstrukce a&nbsp;d\u0159evo.&nbsp;18 m\u00b2 po rozlo\u017een\u00ed&nbsp;20 m\u00b2 \u010cl\u00e1nek a fotografie:&nbsp;drevostavitel.cz\/&#8230; [&hellip;]<\/p>\n","protected":false},"author":1,"featured_media":0,"parent":0,"menu_order":0,"comment_status":"closed","ping_status":"closed","template":"page-full-width.php","meta":{"ngg_post_thumbnail":0},"yoast_head":"<!-- This site is optimized with the Yoast SEO plugin v16.3 - https:\/\/yoast.com\/wordpress\/plugins\/seo\/ -->\n<title>Inspirace - stav\u011bn\u00ed, bydlen\u00ed, materi\u00e1ly<\/title>\n<meta name=\"description\" content=\"Bydlen\u00ed: Inspirace a odkazy na zaj\u00edmav\u00e9 zdroje. D\u0159evostavba.\u00a0\" \/>\n<meta name=\"robots\" content=\"index, follow, max-snippet:-1, max-image-preview:large, max-video-preview:-1\" \/>\n<link rel=\"canonical\" href=\"https:\/\/nacaj.cz\/indie\/bydleni-inspirace\/\" \/>\n<meta property=\"og:locale\" content=\"cs_CZ\" \/>\n<meta property=\"og:type\" content=\"article\" \/>\n<meta property=\"og:title\" content=\"Inspirace - stav\u011bn\u00ed, bydlen\u00ed, materi\u00e1ly\" \/>\n<meta property=\"og:description\" content=\"Bydlen\u00ed: Inspirace a odkazy na zaj\u00edmav\u00e9 zdroje. D\u0159evostavba.\u00a0\" \/>\n<meta property=\"og:url\" content=\"https:\/\/nacaj.cz\/indie\/bydleni-inspirace\/\" \/>\n<meta property=\"og:site_name\" content=\"INDIE - Cestov\u00e1n\u00ed po Indii\" \/>\n<meta property=\"article:publisher\" content=\"https:\/\/www.facebook.com\/travel.exotika\/\" \/>\n<meta property=\"article:modified_time\" content=\"2021-03-24T12:52:37+00:00\" \/>\n<meta property=\"og:image\" content=\"https:\/\/nacaj.cz\/indie\/wp-content\/uploads\/2021\/01\/TIJ-ptaci-observator-660x440.jpg\" \/>\n<meta name=\"twitter:label1\" content=\"Odhadovan\u00e1 doba \u010dten\u00ed\">\n\t<meta name=\"twitter:data1\" content=\"2 minuty\">\n<script type=\"application\/ld+json\" class=\"yoast-schema-graph\">{\"@context\":\"https:\/\/schema.org\",\"@graph\":[{\"@type\":\"Organization\",\"@id\":\"https:\/\/nacaj.cz\/indie\/#organization\",\"name\":\"NaCaj.cz\",\"url\":\"https:\/\/nacaj.cz\/indie\/\",\"sameAs\":[\"https:\/\/www.facebook.com\/travel.exotika\/\"],\"logo\":{\"@type\":\"ImageObject\",\"@id\":\"https:\/\/nacaj.cz\/indie\/#logo\",\"inLanguage\":\"cs\",\"url\":\"https:\/\/nacaj.cz\/indie\/wp-content\/uploads\/2018\/01\/Indie-cestovani-po-indii.jpg\",\"contentUrl\":\"https:\/\/nacaj.cz\/indie\/wp-content\/uploads\/2018\/01\/Indie-cestovani-po-indii.jpg\",\"width\":651,\"height\":530,\"caption\":\"NaCaj.cz\"},\"image\":{\"@id\":\"https:\/\/nacaj.cz\/indie\/#logo\"}},{\"@type\":\"WebSite\",\"@id\":\"https:\/\/nacaj.cz\/indie\/#website\",\"url\":\"https:\/\/nacaj.cz\/indie\/\",\"name\":\"INDIE - Cestov\\u00e1n\\u00ed po Indii\",\"description\":\"Cestov\\u00e1n\\u00ed: Exotika :-)\",\"publisher\":{\"@id\":\"https:\/\/nacaj.cz\/indie\/#organization\"},\"potentialAction\":[{\"@type\":\"SearchAction\",\"target\":\"https:\/\/nacaj.cz\/indie\/?s={search_term_string}\",\"query-input\":\"required name=search_term_string\"}],\"inLanguage\":\"cs\"},{\"@type\":\"ImageObject\",\"@id\":\"https:\/\/nacaj.cz\/indie\/bydleni-inspirace\/#primaryimage\",\"inLanguage\":\"cs\",\"url\":\"https:\/\/nacaj.cz\/indie\/wp-content\/uploads\/2021\/01\/TIJ-ptaci-observator.jpg\",\"contentUrl\":\"https:\/\/nacaj.cz\/indie\/wp-content\/uploads\/2021\/01\/TIJ-ptaci-observator.jpg\",\"width\":1200,\"height\":800},{\"@type\":\"WebPage\",\"@id\":\"https:\/\/nacaj.cz\/indie\/bydleni-inspirace\/#webpage\",\"url\":\"https:\/\/nacaj.cz\/indie\/bydleni-inspirace\/\",\"name\":\"Inspirace - stav\\u011bn\\u00ed, bydlen\\u00ed, materi\\u00e1ly\",\"isPartOf\":{\"@id\":\"https:\/\/nacaj.cz\/indie\/#website\"},\"primaryImageOfPage\":{\"@id\":\"https:\/\/nacaj.cz\/indie\/bydleni-inspirace\/#primaryimage\"},\"datePublished\":\"2021-01-31T16:48:03+00:00\",\"dateModified\":\"2021-03-24T12:52:37+00:00\",\"description\":\"Bydlen\\u00ed: Inspirace a odkazy na zaj\\u00edmav\\u00e9 zdroje. D\\u0159evostavba.\\u00a0\",\"breadcrumb\":{\"@id\":\"https:\/\/nacaj.cz\/indie\/bydleni-inspirace\/#breadcrumb\"},\"inLanguage\":\"cs\",\"potentialAction\":[{\"@type\":\"ReadAction\",\"target\":[\"https:\/\/nacaj.cz\/indie\/bydleni-inspirace\/\"]}]},{\"@type\":\"BreadcrumbList\",\"@id\":\"https:\/\/nacaj.cz\/indie\/bydleni-inspirace\/#breadcrumb\",\"itemListElement\":[{\"@type\":\"ListItem\",\"position\":1,\"item\":{\"@type\":\"WebPage\",\"@id\":\"https:\/\/nacaj.cz\/indie\/\",\"url\":\"https:\/\/nacaj.cz\/indie\/\",\"name\":\"Dom\\u016f\"}},{\"@type\":\"ListItem\",\"position\":2,\"item\":{\"@id\":\"https:\/\/nacaj.cz\/indie\/bydleni-inspirace\/#webpage\"}}]}]}<\/script>\n<!-- \/ Yoast SEO plugin. -->","_links":{"self":[{"href":"https:\/\/nacaj.cz\/indie\/wp-json\/wp\/v2\/pages\/6518"}],"collection":[{"href":"https:\/\/nacaj.cz\/indie\/wp-json\/wp\/v2\/pages"}],"about":[{"href":"https:\/\/nacaj.cz\/indie\/wp-json\/wp\/v2\/types\/page"}],"author":[{"embeddable":true,"href":"https:\/\/nacaj.cz\/indie\/wp-json\/wp\/v2\/users\/1"}],"replies":[{"embeddable":true,"href":"https:\/\/nacaj.cz\/indie\/wp-json\/wp\/v2\/comments?post=6518"}],"version-history":[{"count":0,"href":"https:\/\/nacaj.cz\/indie\/wp-json\/wp\/v2\/pages\/6518\/revisions"}],"wp:attachment":[{"href":"https:\/\/nacaj.cz\/indie\/wp-json\/wp\/v2\/media?parent=6518"}],"curies":[{"name":"wp","href":"https:\/\/api.w.org\/{rel}","templated":true}]}}