{"id":4882,"date":"2025-06-16T08:11:22","date_gmt":"2025-06-16T06:11:22","guid":{"rendered":"http:\/\/nacaj.cz\/indie\/?page_id=4882"},"modified":"2025-12-15T08:51:37","modified_gmt":"2025-12-15T07:51:37","slug":"karolina-cestuje-po-indii","status":"publish","type":"page","link":"https:\/\/nacaj.cz\/indie\/karolina-cestuje-po-indii\/","title":{"rendered":"Karol\u00edna v Asii"},"content":{"rendered":"<div class=\"synved-social-container synved-social-container-share\" style=\"text-align: right\"><a class=\"synved-social-button synved-social-button-share synved-social-size-32 synved-social-resolution-single synved-social-provider-facebook nolightbox\" data-provider=\"facebook\" target=\"_blank\" rel=\"nofollow\" title=\"Sd\u00edlejte na facebook.com\" href=\"https:\/\/www.facebook.com\/sharer.php?u=https%3A%2F%2Fnacaj.cz%2Findie%2Fwp-json%2Fwp%2Fv2%2Fpages%2F4882&#038;t=Karol%C3%ADna%20v%20Asii&#038;s=100&#038;p&#091;url&#093;=https%3A%2F%2Fnacaj.cz%2Findie%2Fwp-json%2Fwp%2Fv2%2Fpages%2F4882&#038;p&#091;images&#093;&#091;0&#093;=https%3A%2F%2Fnacaj.cz%2Findie%2Fwp-content%2Fuploads%2F2025%2F12%2FBhang-Lasi-Varanasi-Indie-Karolina-Vesela.jpg&#038;p&#091;title&#093;=Karol%C3%ADna%20v%20Asii\" style=\"font-size: 0px; width:32px;height:32px;margin:0;margin-bottom:5px;margin-right:5px;\"><img alt=\"Facebook\" title=\"Sd\u00edlejte na facebook.com\" class=\"synved-share-image synved-social-image synved-social-image-share\" width=\"32\" height=\"32\" style=\"display: inline; width:32px;height:32px; margin: 0; padding: 0; border: none; box-shadow: none;\" src=\"https:\/\/nacaj.cz\/indie\/wp-content\/plugins\/social-media-feather\/synved-social\/image\/social\/regular\/64x64\/facebook.png\" \/><\/a><a class=\"synved-social-button synved-social-button-share synved-social-size-32 synved-social-resolution-single synved-social-provider-twitter nolightbox\" data-provider=\"twitter\" target=\"_blank\" rel=\"nofollow\" title=\"Sd\u00edlejte na Twitteru\" href=\"https:\/\/twitter.com\/intent\/tweet?url=https%3A%2F%2Fnacaj.cz%2Findie%2Fwp-json%2Fwp%2Fv2%2Fpages%2F4882&#038;text=Sdd%C3%ADlejte%20s%20p%C5%99%C3%A1teli\" style=\"font-size: 0px; width:32px;height:32px;margin:0;margin-bottom:5px;margin-right:5px;\"><img alt=\"twitter\" title=\"Sd\u00edlejte na Twitteru\" class=\"synved-share-image synved-social-image synved-social-image-share\" width=\"32\" height=\"32\" style=\"display: inline; width:32px;height:32px; margin: 0; padding: 0; border: none; box-shadow: none;\" src=\"https:\/\/nacaj.cz\/indie\/wp-content\/plugins\/social-media-feather\/synved-social\/image\/social\/regular\/64x64\/twitter.png\" \/><\/a><a class=\"synved-social-button synved-social-button-share synved-social-size-32 synved-social-resolution-single synved-social-provider-reddit nolightbox\" data-provider=\"reddit\" target=\"_blank\" rel=\"nofollow\" title=\"Sd\u00edlejte na Reddit\" href=\"https:\/\/www.reddit.com\/submit?url=https%3A%2F%2Fnacaj.cz%2Findie%2Fwp-json%2Fwp%2Fv2%2Fpages%2F4882&#038;title=Karol%C3%ADna%20v%20Asii\" style=\"font-size: 0px; width:32px;height:32px;margin:0;margin-bottom:5px;margin-right:5px;\"><img alt=\"reddit\" title=\"Sd\u00edlejte na Reddit\" class=\"synved-share-image synved-social-image synved-social-image-share\" width=\"32\" height=\"32\" style=\"display: inline; width:32px;height:32px; margin: 0; padding: 0; border: none; box-shadow: none;\" src=\"https:\/\/nacaj.cz\/indie\/wp-content\/plugins\/social-media-feather\/synved-social\/image\/social\/regular\/64x64\/reddit.png\" \/><\/a><a class=\"synved-social-button synved-social-button-share synved-social-size-32 synved-social-resolution-single synved-social-provider-pinterest nolightbox\" data-provider=\"pinterest\" target=\"_blank\" rel=\"nofollow\" title=\"Pin it with Pinterest\" href=\"https:\/\/pinterest.com\/pin\/create\/button\/?url=https%3A%2F%2Fnacaj.cz%2Findie%2Fwp-json%2Fwp%2Fv2%2Fpages%2F4882&#038;media=https%3A%2F%2Fnacaj.cz%2Findie%2Fwp-content%2Fuploads%2F2025%2F12%2FBhang-Lasi-Varanasi-Indie-Karolina-Vesela.jpg&#038;description=Karol%C3%ADna%20v%20Asii\" style=\"font-size: 0px; width:32px;height:32px;margin:0;margin-bottom:5px;margin-right:5px;\"><img alt=\"pinterest\" title=\"Pin it with Pinterest\" class=\"synved-share-image synved-social-image synved-social-image-share\" width=\"32\" height=\"32\" style=\"display: inline; width:32px;height:32px; margin: 0; padding: 0; border: none; box-shadow: none;\" src=\"https:\/\/nacaj.cz\/indie\/wp-content\/plugins\/social-media-feather\/synved-social\/image\/social\/regular\/64x64\/pinterest.png\" \/><\/a><a class=\"synved-social-button synved-social-button-share synved-social-size-32 synved-social-resolution-single synved-social-provider-linkedin nolightbox\" data-provider=\"linkedin\" target=\"_blank\" rel=\"nofollow\" title=\"Sd\u00edlejte na Linkedin\" href=\"https:\/\/www.linkedin.com\/shareArticle?mini=true&#038;url=https%3A%2F%2Fnacaj.cz%2Findie%2Fwp-json%2Fwp%2Fv2%2Fpages%2F4882&#038;title=Karol%C3%ADna%20v%20Asii\" style=\"font-size: 0px; width:32px;height:32px;margin:0;margin-bottom:5px;margin-right:5px;\"><img alt=\"linkedin\" title=\"Sd\u00edlejte na Linkedin\" class=\"synved-share-image synved-social-image synved-social-image-share\" width=\"32\" height=\"32\" style=\"display: inline; width:32px;height:32px; margin: 0; padding: 0; border: none; box-shadow: none;\" src=\"https:\/\/nacaj.cz\/indie\/wp-content\/plugins\/social-media-feather\/synved-social\/image\/social\/regular\/64x64\/linkedin.png\" \/><\/a><a class=\"synved-social-button synved-social-button-share synved-social-size-32 synved-social-resolution-single synved-social-provider-tumblr nolightbox\" data-provider=\"tumblr\" target=\"_blank\" rel=\"nofollow\" title=\"Sd\u00edlejte na Tumblr\" href=\"https:\/\/tumblr.com\/share?s=&#038;v=3&#038;t=Karol%C3%ADna%20v%20Asii&#038;u=https%3A%2F%2Fnacaj.cz%2Findie%2Fwp-json%2Fwp%2Fv2%2Fpages%2F4882\" style=\"font-size: 0px; width:32px;height:32px;margin:0;margin-bottom:5px;\"><img alt=\"tumblr\" title=\"Sd\u00edlejte na Tumblr\" class=\"synved-share-image synved-social-image synved-social-image-share\" width=\"32\" height=\"32\" style=\"display: inline; width:32px;height:32px; margin: 0; padding: 0; border: none; box-shadow: none;\" src=\"https:\/\/nacaj.cz\/indie\/wp-content\/plugins\/social-media-feather\/synved-social\/image\/social\/regular\/64x64\/tumblr.png\" \/><\/a><\/div><h3><span style=\"color: #666699;\">Cestov\u00e1n\u00ed po ji\u017en\u00ed a jihov\u00fdchodn\u00ed Asii. <\/span><br \/>\n<span style=\"color: #666699;\">Indie, Thajsko, Sr\u00ed Lanka, Kambod\u017ea, Vietnam.<\/span><\/h3>\n<p><img loading=\"lazy\" class=\"alignright wp-image-8579\" src=\"https:\/\/nacaj.cz\/indie\/wp-content\/uploads\/2025\/12\/Bhang-Lasi-Varanasi-Indie-Karolina-Vesela.jpg\" alt=\"Bhang Lasi Varanasi, Indie. Karol\u00edna Vesel\u00e1\" width=\"146\" height=\"223\"><br \/>\n&nbsp;<\/p>\n<h4><span style=\"color: #008000;\">Autor: Karol\u00edna Vesel\u00e1<\/span><\/h4>\n<p><em><span style=\"color: #808080;\">(b\u00fdval\u00e1 spolucestovatelka)<\/span><\/em><\/p>\n<p>&nbsp;<\/p>\n<p><span style=\"color: #008000;\"><strong><a style=\"color: #008000;\" title=\"Karol\u00edna Vesel\u00e1 v Indii\" href=\"https:\/\/nacaj.cz\/indie\/karolina-cestuje-po-indii\/\">Karol\u00edna v Asii<\/a><\/strong><\/span> | <strong><a title=\"Karol\u00edna Vesel\u00e1 v Thajsku\" href=\"https:\/\/nacaj.cz\/indie\/thajsko-karolina-v-thajsku\/\">Karol\u00edna v Thajsku<\/a><\/strong> | <span style=\"color: #808080;\"><a style=\"color: #808080;\" title=\"Karol\u00edna Vesel\u00e1 v Kambod\u017ei\" href=\"#\">Karol\u00edna v Kambod\u017ei<\/a><\/span> | <span style=\"color: #808080;\"><a style=\"color: #808080;\" title=\"Karol\u00edna Vesel\u00e1 ve Vietnamu\" href=\"#\">Karol\u00edna ve Vietnamu<\/a><\/span> | <span style=\"color: #808080;\"><a style=\"color: #808080;\" title=\"Karol\u00edna Vesel\u00e1 na Sr\u00ed Lance\" href=\"#\">Karol\u00edna na Sr\u00ed Lance<\/a><\/span> | <span style=\"color: #808080;\"><a style=\"color: #808080;\" title=\"Karol\u00edna Vesel\u00e1 v Maroku\" href=\"#\">Karol\u00edna v Maroku<\/a><\/span><\/p>\n<p>&nbsp;<br \/>\n<img loading=\"lazy\" class=\"alignnone wp-image-2354\" src=\"https:\/\/nacaj.cz\/indie\/wp-content\/uploads\/2015\/02\/indie-hrh.png\" alt=\"prav\u00e1 Indie\" width=\"90%\" height=\"21\" srcset=\"https:\/\/nacaj.cz\/indie\/wp-content\/uploads\/2015\/02\/indie-hrh.png 320w, https:\/\/nacaj.cz\/indie\/wp-content\/uploads\/2015\/02\/indie-hrh-150x6.png 150w\" sizes=\"(max-width: 320px) 100vw, 320px\" \/><\/p>\n<h3>P\u0159\u00edjezd do Udaipuru z Agondy, Goa<\/h3>\n<p>16.2.2017<\/p>\n<p>Ahoj, tak jsme tady! V Udaipuru..<br \/>\nP\u0159ijeli jsme sem v\u010dera v osm ve\u010d\u00edr.. Cesta vlakama prob\u011bhla bez probl\u00e9mu, skoro celou jsme ji prospali.. <img class=\"_1ift _2560 img\" src=\"https:\/\/www.facebook.com\/images\/emoji.php\/v7\/zaa\/1.5\/16\/1f603.png\" alt=\"\ud83d\ude03\"> Jeli jsme den a p\u016fl, 1370 km..<br \/>\nProto\u017ee jsme v\u011bd\u011bli, \u017ee sem p\u0159ijedeme ve\u010der a bude u\u017e tma, rad\u011bji jsme si zabukovali hotel na jednu noc, s t\u00edm, \u017ee kdy\u017e se n\u00e1m v n\u011bm nebude l\u00edbit, tak druh\u00fd den se\u017eeneme n\u011bco jin\u00fdho..\u00c1le nen\u00ed to t\u0159eba.. V podstat\u011b hned, co jsme sem vlezli, Marka pozn\u00e1v\u00e1 \u0161\u00e9fik hotelu, ikdy\u017e v tomhle hotelu nikdy nebyl.. <img class=\"_1ift _2560 img\" src=\"https:\/\/www.facebook.com\/images\/emoji.php\/v7\/z27\/1.5\/16\/1f600.png\" alt=\"\ud83d\ude00\"> P\u0159ed t\u0159emi roky toti\u017e pracoval v jin\u00fdm hotelu a Marka si pamatuje.. A u\u017e zase je Marek jako indick\u00e1 celebrita.. <img class=\"_1ift _2560 img\" src=\"https:\/\/www.facebook.com\/images\/emoji.php\/v7\/z27\/1.5\/16\/1f600.png\" alt=\"\ud83d\ude00\"><br \/>\nPokoj je v pohod\u011b a na st\u0159e\u0161e, kde te\u010f pr\u00e1v\u011b sed\u00edme je p\u0159\u00edjemn\u00fd posezen\u00ed a restaurace s p\u011bkn\u00fdm v\u00fdhledem.. M\u011bsto vypad\u00e1 hezky.. V\u010dera jsme se byli proj\u00edt jen na chvili\u010dku k Pichola lake &#8211; jezeru, kter\u00fd je kous\u00ed\u010dek od na\u0161eho bydlen\u00ed.. Je tu spousta uli\u010dek s kr\u00e1mky a chr\u00e1my.. Do jednoho chr\u00e1mu, kde se Indov\u00e9 a Indky (sta\u0159\u00ed i mlad\u00ed) zrovna modlili jsme nakoukli, na chvilku si sedli a poslechli si jejich zp\u00edv\u00e1n\u00ed a bubnov\u00e1n\u00ed, hezk\u00fd to bylo.. A dostali jsme od jedn\u00e9 Indky v tom chr\u00e1mu bonb\u00f3n.. <img class=\"_1ift _2560 img\" src=\"https:\/\/www.facebook.com\/images\/emoji.php\/v7\/zd1\/1.5\/16\/1f36c.png\" alt=\"\ud83c\udf6c\"> <img class=\"_1ift _2560 img\" src=\"https:\/\/www.facebook.com\/images\/emoji.php\/v7\/za5\/1.5\/16\/1f642.png\" alt=\"\ud83d\ude42\"><br \/>\nDnes r\u00e1no jsme si dali dv\u011b supr vostr\u00fd samosy a hlavn\u011b kone\u010dn\u011b v norm\u00e1ln\u00ed velikosti a n\u00e9 mastn\u00fd, jako t\u0159eba ty mini v Agond\u011b, bohu\u017eel byly trochu v\u00edc slan\u00fd..,k tomu moc dobr\u00fd \u010daj s ml\u00e9kem, par\u00e1dn\u00ed sn\u00eddan\u011b..<br \/>\nPozd\u011bji ud\u011bl\u00e1me v\u011bt\u0161\u00ed pr\u016fzkum..<br \/>\nopi\u010dka a zaj\u00ed\u010dek <img class=\"_1ift _2560 img\" src=\"https:\/\/www.facebook.com\/images\/emoji.php\/v7\/z7\/1.5\/16\/1f435.png\" alt=\"\ud83d\udc35\"><img class=\"_1ift _2560 img\" src=\"https:\/\/www.facebook.com\/images\/emoji.php\/v7\/z82\/1.5\/16\/1f430.png\" alt=\"\ud83d\udc30\"><\/p>\n<p><img loading=\"lazy\" class=\"alignnone wp-image-2354\" src=\"https:\/\/nacaj.cz\/indie\/wp-content\/uploads\/2015\/02\/indie-hrh.png\" alt=\"prav\u00e1 Indie\" width=\"90%\" height=\"21\" srcset=\"https:\/\/nacaj.cz\/indie\/wp-content\/uploads\/2015\/02\/indie-hrh.png 320w, https:\/\/nacaj.cz\/indie\/wp-content\/uploads\/2015\/02\/indie-hrh-150x6.png 150w\" sizes=\"(max-width: 320px) 100vw, 320px\" \/><\/p>\n<p>&nbsp;<\/p>\n<h3>Udaipur<\/h3>\n<p>18.2.2017<\/p>\n<p>Jak jsem psala, \u017ee je to tu sam\u00e1 \u00fazk\u00e1 uli\u010dka, tak to sice je, ale mezi nim\u00ed se proh\u00e1n\u011bj\u00ed motorky, ryk\u0161\u00e1ci, auta&#8230;. P\u0159ipad\u00e1me si, jak n\u011bkde na motokrosu a n\u00e9 ve svat\u00e9m m\u011bst\u011b.. Neust\u00e1le mus\u00ed\u0161 d\u00e1vat pozor, aby t\u011b n\u011bkdo nesrazil! <img class=\"_1ift _2560 img\" src=\"https:\/\/www.facebook.com\/images\/emoji.php\/v7\/z7b\/1.5\/16\/1f61e.png\" alt=\"\ud83d\ude1e\"> Uh\u00fdbat kam se d\u00e1.. J\u00e1 to dnes nestihla.. Do ruky m\u011b celkem bolestiv\u011b, \u0161krtla d\u0159ev\u011bn\u00e1 stoli\u010dka, na kl\u00edn\u011b Indky, sed\u00edc\u00ed bokem na motorce, za sv\u00fdm man\u017eelem.. Projeli kolem m\u011b hodn\u011b rychle.. Je\u0161t\u011b, \u017ee na kl\u00edn\u011b nevezla zrovna n\u011bco z plechu ostr\u00fdho, to bych m\u011bla asi po ruce&#8230;. Ale dobr\u00fd, p\u0159e\u017eila jsem to&#8230; <img class=\"_1ift _2560 img\" src=\"https:\/\/www.facebook.com\/images\/emoji.php\/v7\/zf8\/1.5\/16\/1f61b.png\" alt=\"\ud83d\ude1b\"><br \/>\nUlice jsou tu v\u00e1\u017en\u011b \u00fazk\u00fd, tak\u017ee kdy\u017e do toho jede je\u0161t\u011b norm\u00e1ln\u00ed auto, ucpe se to.. Mezit\u00edm se motaj\u00ed zaj\u00ed\u010dek s opi\u010dkou, lidi, psi, kozy, osl\u00edci a mega velk\u00fd kr\u00e1vy a bejci s hrbem na z\u00e1dech (takhle velk\u00fd jsem snad nikdy v Indii nevid\u011bla)&#8230;..<br \/>\nJe\u0161t\u011b je t\u0159eba zm\u00ednit ten nep\u0159\u00edjemn\u00fd hluk z motorek, rik\u0161\u00e1k\u016f, aut.. V\u0161ichni troub\u00ed jak o \u017eivot.. No a potom taky v\u0161udep\u0159\u00edtomn\u00fd prach a smrad.. V\u010dera jsme dom\u016f p\u0159i\u0161li p\u011bkn\u011b vo\u010douzen\u00fd, \u0161t\u00edpou o\u010di a sv\u011bd\u00ed nos..<br \/>\nJe to celkem dost vy\u010derp\u00e1vaj\u00edc\u00ed a stresuj\u00edc\u00ed, unavuj\u00edc\u00ed.. Prost\u011b furt mus\u00ed\u0161 bejt ve st\u0159ehu.. Rozhl\u00ed\u017eet se tu po zaj\u00edmav\u00fdch v\u011bcech, jako je t\u0159eba m\u00edstn\u00ed architektura dom\u016f s mal\u016fvkami, moc nejde.. V\u017edy je dobr\u00fd se zastavit, uhnout, kouknout a zdrhnout na chvilku n\u011bkam do z\u00e1kout\u00ed, kam se ta zasran\u00e1 motorka smradlav\u00e1 nevejde&#8230;<br \/>\nP\u00ed\u0161u to p\u0159esn\u011b tak, jak to vn\u00edm\u00e1m, vid\u00edm, cejt\u00edm, \u010duch\u00e1m tady te\u010f j\u00e1.. Marek, kter\u00fd tady byl p\u0159ed t\u0159emi lety, takovej bl\u00e1zinec nepamatuje a je taky trochu v \u0161oku..<br \/>\nTak\u017ee je docela dobr\u00fd v\u011bd\u011bt, \u017ee atmosf\u00e9ru, jak\u00fd to doopravdy tam a tam je, z fotek prost\u011b nejde jen tak p\u0159en\u00e9st..<br \/>\nU\u017e kolikr\u00e1t jsme si s Markem \u0159\u00edkali, chud\u00e1ci nov\u00e1\u010dci v Indii.. My u\u017e jsme n\u011bco za\u017eili,.. ale turista, kterej je tu prvn\u011b a je\u0161t\u011b ke v\u0161emu m\u00e1 m\u00e1lo \u010dasu na objevov\u00e1n\u00ed, mus\u00ed bejt asi tot\u00e1ln\u011b s prominut\u00edm v prdeli, z toho chaosu Indie.. K\u00f3r kdy\u017e se sem dostane t\u0159eba p\u0159es cestovku.. &#8211; supr vyfoto\u0161open\u00fd fotky t\u011bch nej kr\u00e1s a pak na m\u00edst\u011b? Krut\u00e1 realita &#8211; smradlav\u00e1 i vo\u0148av\u00e1, vostr\u00e1 i sladk\u00e1.. <img class=\"_1ift _2560 img\" src=\"https:\/\/www.facebook.com\/images\/emoji.php\/v7\/za5\/1.5\/16\/1f642.png\" alt=\"\ud83d\ude42\"><br \/>\nMysl\u00edm to v\u00e1\u017en\u011b, z dokument\u016f a fotek z pohodl\u00ed va\u0161ich domov\u016f to vypad\u00e1 v\u0161e jinak, ne\u017e si mysl\u00edte.. <img class=\"_1ift _2560 img\" src=\"https:\/\/www.facebook.com\/images\/emoji.php\/v7\/z27\/1.5\/16\/1f600.png\" alt=\"\ud83d\ude00\"> Ale je n\u00e1m fajn!<\/p>\n<p>Zat\u00edm si namaste,<br \/>\nOpi\u010dka a Zaj\u00ed\u010dek! &nbsp;<\/p>\n<p><img loading=\"lazy\" class=\"alignnone wp-image-2354\" src=\"https:\/\/nacaj.cz\/indie\/wp-content\/uploads\/2015\/02\/indie-hrh.png\" alt=\"prav\u00e1 Indie\" width=\"90%\" height=\"21\" srcset=\"https:\/\/nacaj.cz\/indie\/wp-content\/uploads\/2015\/02\/indie-hrh.png 320w, https:\/\/nacaj.cz\/indie\/wp-content\/uploads\/2015\/02\/indie-hrh-150x6.png 150w\" sizes=\"(max-width: 320px) 100vw, 320px\" \/><\/p>\n<h3>Sv\u00e1tek v Udaipuru, Shivova noc, Shivaratri<\/h3>\n<p>25.2.2017<br \/>\nV\u010dera jsme se \u0161li proj\u00edt po stop\u00e1ch m\u00edstn\u00edch chr\u00e1m\u016f.. Je jich tu opravdu mnoho a my jsme si vybrali oblast Ambamata, u jezera Fateh Sagar..<br \/>\nNejprve jsme nav\u0161t\u00edvili men\u0161\u00ed chr\u00e1my, v jednom z nich se pomodlili, stejn\u011b tak jako Indov\u00e9 a Indky s d\u011btmi.. Pak jsme pokra\u010dovali d\u00e1l k velk\u00fdmu hlavn\u00edmu Mahakaleshwar chr\u00e1mu..<br \/>\nP\u0159ed jeho vstupem byl po\u0159\u00e1dn\u00fd mumraj.. Byla tam spousta lid\u00ed, kte\u0159\u00ed se nejenom p\u0159i\u0161li pomodlit, ale i naj\u00edst a nap\u00edt zdarma v r\u00e1mci oslavy boha Shivy.. Po zemi se v\u00e1lely hromady odpadk\u016f, plastov\u00fdch kel\u00edmk\u016f a misek.. Do toho trhovci prod\u00e1vaj\u00edc\u00ed r\u016fzn\u00fd kravinky, ply\u0161\u00e1ky, bal\u00f3nky, ale t\u0159eba i keramiku&#8230; Byl tam i \u017eiv\u00fd slon, ke kter\u00fdmu se Indov\u00e9 taky chodili modlit, (podobn\u011b jako jsme vid\u011bli loni v Rameswaram, akor\u00e1t tenhle nebyl v \u0159et\u011bzech) d\u00e1vali mu do chobotu pap\u00edrov\u00e9 rupie, on jim zato po\u017eehnal, pak zvedl chobot a tu bankovku podal sv\u00e9mu p\u00e1novi, kter\u00fd na n\u011bm sed\u011bl..<br \/>\nM\u011bli tam ob\u0159\u00ed reprobedny z nich\u017e hr\u00e1la hodn\u011b hlasit\u00e1 muzika, a\u017e takov\u00e1 neindick\u00e1, hodn\u011b modern\u00ed a kdy\u017e mantra, tak zremixovan\u00e1.. Docela \u00falet..<br \/>\nDali jsme si kel\u00edmek ml\u00e9\u010dn\u00e9ho n\u00e1poje, ochucen\u00fd okv\u011btn\u00edmi l\u00edstky r\u016f\u017e\u00ed, dobr\u00e9 to bylo.. Na j\u00eddlo byla tla\u010denice, (to je tak, kdy\u017e je n\u011bco zadarmo) v tom se n\u00e1m necht\u011blo \u010dekat, a\u017e na n\u00e1s vyjde \u0159ada.. Pak jsme rad\u011bji odtamtud zmizeli a \u0161li se pod\u00edvat na jezero, nu a pomalu zase zp\u00e1tky dom\u016f..<br \/>\nPo cest\u011b jsme se stavili u jednoho kr\u00e1mku na v\u00fdborn\u00fd \u010daj, za p\u011bt rupek a n\u00e9 za deset, jako tady v centru, v turis\u0165\u00e1rn\u011b&#8230; Z povzd\u00e1l\u00ed u \u010daje jsme sledovali zaj\u00edmav\u00fd mix, pozd\u011bji jsme se p\u0159i\u0161li pod\u00edvat bl\u00ed\u017e.. Na jedn\u00fd stran\u011b ulice mal\u00fd chr\u00e1m, u n\u011bho se modlily star\u0161\u00ed Indky a na druh\u00fd stran\u011b omladina tan\u010d\u00edc\u00ed p\u0159ed reprobednama, op\u011bt na hlasitou muziku.. Jedna star\u00e1 pan\u00ed, co se pr\u00e1v\u011b domodlila, vy\u0161la z toho mini chr\u00e1mu a na tu muziku za\u010dala pa\u0159it.. <img class=\"_1ift _2560 img\" src=\"https:\/\/www.facebook.com\/images\/emoji.php\/v7\/z27\/1.5\/16\/1f600.png\" alt=\"\ud83d\ude00\"> V kr\u00e1sn\u00e9m s\u00e1r\u00ed s hrbem na z\u00e1dech a \u0161ediv\u00fdmi vlasy, to tam hezky rozbalila.. Jen na chvilku, ale byla vtipn\u00e1.. <img class=\"_1ift _2560 img\" src=\"https:\/\/www.facebook.com\/images\/emoji.php\/v7\/za5\/1.5\/16\/1f642.png\" alt=\"\ud83d\ude42\"> Pak z chr\u00e1mu indick\u00fd sta\u0159\u00edk vzal kovovou misku se zap\u00e1len\u00fdmi olejov\u00fdmi kah\u00e1nky a vonnou ty\u010dkou a ob\u0159adn\u011b n\u00e1s t\u00edm plamenem o\u010distil.. <img class=\"_1ift _2560 img\" src=\"https:\/\/www.facebook.com\/images\/emoji.php\/v7\/za5\/1.5\/16\/1f642.png\" alt=\"\ud83d\ude42\"> Najednou se tam objevil st\u016fl, kel\u00edmky a ob\u0159\u00ed kotel Lassi s o\u0159\u00ed\u0161ky! Taky jsme dostali a bylo to v\u00fdborn\u00fd.. <img class=\"_1ift _2560 img\" src=\"https:\/\/www.facebook.com\/images\/emoji.php\/v7\/za5\/1.5\/16\/1f642.png\" alt=\"\ud83d\ude42\"> Pozdravili jsme se a kr\u00e1tce popov\u00eddali s lidmi a d\u011btmi. .Klasick\u00fd ot\u00e1zky, jak se jmenuje\u0161, odkud jsi, jste man\u017eel\u00e9, m\u00e1te d\u011bti,..? Do t\u00e9hle oblasti toti\u017e z\u0159ejm\u011b moc turist\u016f, b\u011blou\u0161\u016f nezabloud\u00ed.. Tak\u017ee jak pro n\u00e1s, tak pro n\u011b to byl rozhodn\u011b dobr\u00fd, mil\u00fd z\u00e1\u017eitek! <img class=\"_1ift _2560 img\" src=\"https:\/\/www.facebook.com\/images\/emoji.php\/v7\/za5\/1.5\/16\/1f642.png\" alt=\"\ud83d\ude42\"><br \/>\nJinak repr\u00e1ky s hudbou byly u ka\u017ed\u00e9ho chr\u00e1mu, po cel\u00fdm m\u011bst\u011b.. N\u011bkde se ta hudba t\u011b\u017ece tloukla a n\u011bkde to zas zn\u011blo celkem p\u0159\u00edjemn\u011b, k\u00f3r kdy\u017e jsme p\u0159ech\u00e1zeli po most\u011b nad jezerem Pichola, p\u0159i\u0161li jsme si jak ve filmu.. Pod n\u00e1ma jezero, (kter\u00fd teda bohu\u017eel nen\u00ed zrovna moc \u010dist\u00fd, co\u017e je v\u00e1\u017en\u011b \u0161koda!!) na jeze\u0159e Taj Lake Palace, kolem n\u00e1s pohledy na City Palace, schody k jezeru s v\u011b\u017ei\u010dkami, chr\u00e1my a zaj\u00edmav\u00e1 architektura dom\u016f&#8230;<br \/>\nJak jsem psala, m\u011bsto je v\u00e1\u017en\u011b hezk\u00fd a zaj\u00edmav\u00fd, jen kdyby tady nejezdilo tolik t\u011bch smradlavejch motorek, rik\u0161\u00e1k\u016f a aut..&nbsp;<\/p>\n<p><img loading=\"lazy\" class=\"alignnone wp-image-2354\" src=\"https:\/\/nacaj.cz\/indie\/wp-content\/uploads\/2015\/02\/indie-hrh.png\" alt=\"prav\u00e1 Indie\" width=\"90%\" height=\"21\" srcset=\"https:\/\/nacaj.cz\/indie\/wp-content\/uploads\/2015\/02\/indie-hrh.png 320w, https:\/\/nacaj.cz\/indie\/wp-content\/uploads\/2015\/02\/indie-hrh-150x6.png 150w\" sizes=\"(max-width: 320px) 100vw, 320px\" \/><\/p>\n<p>&nbsp;<\/p>\nngg_shortcode_0_placeholder\n<div class=\"synved-social-container synved-social-container-share\" style=\"text-align: right\"><a class=\"synved-social-button synved-social-button-share synved-social-size-32 synved-social-resolution-single synved-social-provider-facebook nolightbox\" data-provider=\"facebook\" target=\"_blank\" rel=\"nofollow\" title=\"Sd\u00edlejte na facebook.com\" href=\"https:\/\/www.facebook.com\/sharer.php?u=https%3A%2F%2Fnacaj.cz%2Findie%2Fwp-json%2Fwp%2Fv2%2Fpages%2F4882&#038;t=Karol%C3%ADna%20v%20Asii&#038;s=100&#038;p&#091;url&#093;=https%3A%2F%2Fnacaj.cz%2Findie%2Fwp-json%2Fwp%2Fv2%2Fpages%2F4882&#038;p&#091;images&#093;&#091;0&#093;=https%3A%2F%2Fnacaj.cz%2Findie%2Fwp-content%2Fuploads%2F2025%2F12%2FBhang-Lasi-Varanasi-Indie-Karolina-Vesela.jpg&#038;p&#091;title&#093;=Karol%C3%ADna%20v%20Asii\" style=\"font-size: 0px; width:32px;height:32px;margin:0;margin-bottom:5px;margin-right:5px;\"><img alt=\"Facebook\" title=\"Sd\u00edlejte na facebook.com\" class=\"synved-share-image synved-social-image synved-social-image-share\" width=\"32\" height=\"32\" style=\"display: inline; width:32px;height:32px; margin: 0; padding: 0; border: none; box-shadow: none;\" src=\"https:\/\/nacaj.cz\/indie\/wp-content\/plugins\/social-media-feather\/synved-social\/image\/social\/regular\/64x64\/facebook.png\" \/><\/a><a class=\"synved-social-button synved-social-button-share synved-social-size-32 synved-social-resolution-single synved-social-provider-twitter nolightbox\" data-provider=\"twitter\" target=\"_blank\" rel=\"nofollow\" title=\"Sd\u00edlejte na Twitteru\" href=\"https:\/\/twitter.com\/intent\/tweet?url=https%3A%2F%2Fnacaj.cz%2Findie%2Fwp-json%2Fwp%2Fv2%2Fpages%2F4882&#038;text=Sdd%C3%ADlejte%20s%20p%C5%99%C3%A1teli\" style=\"font-size: 0px; width:32px;height:32px;margin:0;margin-bottom:5px;margin-right:5px;\"><img alt=\"twitter\" title=\"Sd\u00edlejte na Twitteru\" class=\"synved-share-image synved-social-image synved-social-image-share\" width=\"32\" height=\"32\" style=\"display: inline; width:32px;height:32px; margin: 0; padding: 0; border: none; box-shadow: none;\" src=\"https:\/\/nacaj.cz\/indie\/wp-content\/plugins\/social-media-feather\/synved-social\/image\/social\/regular\/64x64\/twitter.png\" \/><\/a><a class=\"synved-social-button synved-social-button-share synved-social-size-32 synved-social-resolution-single synved-social-provider-reddit nolightbox\" data-provider=\"reddit\" target=\"_blank\" rel=\"nofollow\" title=\"Sd\u00edlejte na Reddit\" href=\"https:\/\/www.reddit.com\/submit?url=https%3A%2F%2Fnacaj.cz%2Findie%2Fwp-json%2Fwp%2Fv2%2Fpages%2F4882&#038;title=Karol%C3%ADna%20v%20Asii\" style=\"font-size: 0px; width:32px;height:32px;margin:0;margin-bottom:5px;margin-right:5px;\"><img alt=\"reddit\" title=\"Sd\u00edlejte na Reddit\" class=\"synved-share-image synved-social-image synved-social-image-share\" width=\"32\" height=\"32\" style=\"display: inline; width:32px;height:32px; margin: 0; padding: 0; border: none; box-shadow: none;\" src=\"https:\/\/nacaj.cz\/indie\/wp-content\/plugins\/social-media-feather\/synved-social\/image\/social\/regular\/64x64\/reddit.png\" \/><\/a><a class=\"synved-social-button synved-social-button-share synved-social-size-32 synved-social-resolution-single synved-social-provider-pinterest nolightbox\" data-provider=\"pinterest\" target=\"_blank\" rel=\"nofollow\" title=\"Pin it with Pinterest\" href=\"https:\/\/pinterest.com\/pin\/create\/button\/?url=https%3A%2F%2Fnacaj.cz%2Findie%2Fwp-json%2Fwp%2Fv2%2Fpages%2F4882&#038;media=https%3A%2F%2Fnacaj.cz%2Findie%2Fwp-content%2Fuploads%2F2025%2F12%2FBhang-Lasi-Varanasi-Indie-Karolina-Vesela.jpg&#038;description=Karol%C3%ADna%20v%20Asii\" style=\"font-size: 0px; width:32px;height:32px;margin:0;margin-bottom:5px;margin-right:5px;\"><img alt=\"pinterest\" title=\"Pin it with Pinterest\" class=\"synved-share-image synved-social-image synved-social-image-share\" width=\"32\" height=\"32\" style=\"display: inline; width:32px;height:32px; margin: 0; padding: 0; border: none; box-shadow: none;\" src=\"https:\/\/nacaj.cz\/indie\/wp-content\/plugins\/social-media-feather\/synved-social\/image\/social\/regular\/64x64\/pinterest.png\" \/><\/a><a class=\"synved-social-button synved-social-button-share synved-social-size-32 synved-social-resolution-single synved-social-provider-linkedin nolightbox\" data-provider=\"linkedin\" target=\"_blank\" rel=\"nofollow\" title=\"Sd\u00edlejte na Linkedin\" href=\"https:\/\/www.linkedin.com\/shareArticle?mini=true&#038;url=https%3A%2F%2Fnacaj.cz%2Findie%2Fwp-json%2Fwp%2Fv2%2Fpages%2F4882&#038;title=Karol%C3%ADna%20v%20Asii\" style=\"font-size: 0px; width:32px;height:32px;margin:0;margin-bottom:5px;margin-right:5px;\"><img alt=\"linkedin\" title=\"Sd\u00edlejte na Linkedin\" class=\"synved-share-image synved-social-image synved-social-image-share\" width=\"32\" height=\"32\" style=\"display: inline; width:32px;height:32px; margin: 0; padding: 0; border: none; box-shadow: none;\" src=\"https:\/\/nacaj.cz\/indie\/wp-content\/plugins\/social-media-feather\/synved-social\/image\/social\/regular\/64x64\/linkedin.png\" \/><\/a><a class=\"synved-social-button synved-social-button-share synved-social-size-32 synved-social-resolution-single synved-social-provider-tumblr nolightbox\" data-provider=\"tumblr\" target=\"_blank\" rel=\"nofollow\" title=\"Sd\u00edlejte na Tumblr\" href=\"https:\/\/tumblr.com\/share?s=&#038;v=3&#038;t=Karol%C3%ADna%20v%20Asii&#038;u=https%3A%2F%2Fnacaj.cz%2Findie%2Fwp-json%2Fwp%2Fv2%2Fpages%2F4882\" style=\"font-size: 0px; width:32px;height:32px;margin:0;margin-bottom:5px;\"><img alt=\"tumblr\" title=\"Sd\u00edlejte na Tumblr\" class=\"synved-share-image synved-social-image synved-social-image-share\" width=\"32\" height=\"32\" style=\"display: inline; width:32px;height:32px; margin: 0; padding: 0; border: none; box-shadow: none;\" src=\"https:\/\/nacaj.cz\/indie\/wp-content\/plugins\/social-media-feather\/synved-social\/image\/social\/regular\/64x64\/tumblr.png\" \/><\/a><\/div>","protected":false},"excerpt":{"rendered":"<p>Cestov\u00e1n\u00ed po ji\u017en\u00ed a jihov\u00fdchodn\u00ed Asii. Indie, Thajsko, Sr\u00ed Lanka, Kambod\u017ea, Vietnam. &nbsp; Autor: Karol\u00edna Vesel\u00e1 (b\u00fdval\u00e1 spolucestovatelka) &nbsp; Karol\u00edna v Asii | Karol\u00edna v Thajsku | Karol\u00edna v Kambod\u017ei [&hellip;]<\/p>\n","protected":false},"author":1,"featured_media":8579,"parent":0,"menu_order":0,"comment_status":"closed","ping_status":"closed","template":"","meta":{"ngg_post_thumbnail":0},"yoast_head":"<!-- This site is optimized with the Yoast SEO plugin v16.3 - https:\/\/yoast.com\/wordpress\/plugins\/seo\/ -->\n<title>Karol\u00edna v Asii. Indie, Thajsko, Sr\u00ed Lanka, Kambod\u017ea, Vietnam<\/title>\n<meta name=\"description\" content=\"Cestov\u00e1n\u00ed po ji\u017en\u00ed a jihov\u00fdchodn\u00ed Asii. Indie, Thajsko, Sr\u00ed Lanka, Kambod\u017ea, Vietnam. Karol\u00edna Vesel\u00e1 na cest\u00e1ch exotikou.\" \/>\n<meta name=\"robots\" content=\"index, follow, max-snippet:-1, max-image-preview:large, max-video-preview:-1\" \/>\n<link rel=\"canonical\" href=\"https:\/\/nacaj.cz\/indie\/karolina-cestuje-po-indii\/\" \/>\n<meta property=\"og:locale\" content=\"cs_CZ\" \/>\n<meta property=\"og:type\" content=\"article\" \/>\n<meta property=\"og:title\" content=\"Karol\u00edna v Asii. Indie, Thajsko, Sr\u00ed Lanka, Kambod\u017ea, Vietnam\" \/>\n<meta property=\"og:description\" content=\"Cestov\u00e1n\u00ed po ji\u017en\u00ed a jihov\u00fdchodn\u00ed Asii. Indie, Thajsko, Sr\u00ed Lanka, Kambod\u017ea, Vietnam. Karol\u00edna Vesel\u00e1 na cest\u00e1ch exotikou.\" \/>\n<meta property=\"og:url\" content=\"https:\/\/nacaj.cz\/indie\/karolina-cestuje-po-indii\/\" \/>\n<meta property=\"og:site_name\" content=\"INDIE - Cestov\u00e1n\u00ed po Indii\" \/>\n<meta property=\"article:publisher\" content=\"https:\/\/www.facebook.com\/travel.exotika\/\" \/>\n<meta property=\"article:modified_time\" content=\"2025-12-15T07:51:37+00:00\" \/>\n<meta property=\"og:image\" content=\"https:\/\/nacaj.cz\/indie\/wp-content\/uploads\/2025\/12\/Bhang-Lasi-Varanasi-Indie-Karolina-Vesela.jpg\" \/>\n\t<meta property=\"og:image:width\" content=\"800\" \/>\n\t<meta property=\"og:image:height\" content=\"600\" \/>\n<meta name=\"twitter:label1\" content=\"Odhadovan\u00e1 doba \u010dten\u00ed\">\n\t<meta name=\"twitter:data1\" content=\"10 minut\">\n<script type=\"application\/ld+json\" class=\"yoast-schema-graph\">{\"@context\":\"https:\/\/schema.org\",\"@graph\":[{\"@type\":\"Organization\",\"@id\":\"https:\/\/nacaj.cz\/indie\/#organization\",\"name\":\"NaCaj.cz\",\"url\":\"https:\/\/nacaj.cz\/indie\/\",\"sameAs\":[\"https:\/\/www.facebook.com\/travel.exotika\/\"],\"logo\":{\"@type\":\"ImageObject\",\"@id\":\"https:\/\/nacaj.cz\/indie\/#logo\",\"inLanguage\":\"cs\",\"url\":\"https:\/\/nacaj.cz\/indie\/wp-content\/uploads\/2018\/01\/Indie-cestovani-po-indii.jpg\",\"contentUrl\":\"https:\/\/nacaj.cz\/indie\/wp-content\/uploads\/2018\/01\/Indie-cestovani-po-indii.jpg\",\"width\":651,\"height\":530,\"caption\":\"NaCaj.cz\"},\"image\":{\"@id\":\"https:\/\/nacaj.cz\/indie\/#logo\"}},{\"@type\":\"WebSite\",\"@id\":\"https:\/\/nacaj.cz\/indie\/#website\",\"url\":\"https:\/\/nacaj.cz\/indie\/\",\"name\":\"INDIE - Cestov\\u00e1n\\u00ed po Indii\",\"description\":\"Cestov\\u00e1n\\u00ed: Exotika :-)\",\"publisher\":{\"@id\":\"https:\/\/nacaj.cz\/indie\/#organization\"},\"potentialAction\":[{\"@type\":\"SearchAction\",\"target\":\"https:\/\/nacaj.cz\/indie\/?s={search_term_string}\",\"query-input\":\"required name=search_term_string\"}],\"inLanguage\":\"cs\"},{\"@type\":\"ImageObject\",\"@id\":\"https:\/\/nacaj.cz\/indie\/karolina-cestuje-po-indii\/#primaryimage\",\"inLanguage\":\"cs\",\"url\":\"https:\/\/nacaj.cz\/indie\/wp-content\/uploads\/2025\/12\/Bhang-Lasi-Varanasi-Indie-Karolina-Vesela.jpg\",\"contentUrl\":\"https:\/\/nacaj.cz\/indie\/wp-content\/uploads\/2025\/12\/Bhang-Lasi-Varanasi-Indie-Karolina-Vesela.jpg\",\"width\":800,\"height\":600,\"caption\":\"Bhang Lasi Varanasi, Indie. Karol\\u00edna Vesel\\u00e1\"},{\"@type\":\"WebPage\",\"@id\":\"https:\/\/nacaj.cz\/indie\/karolina-cestuje-po-indii\/#webpage\",\"url\":\"https:\/\/nacaj.cz\/indie\/karolina-cestuje-po-indii\/\",\"name\":\"Karol\\u00edna v Asii. Indie, Thajsko, Sr\\u00ed Lanka, Kambod\\u017ea, Vietnam\",\"isPartOf\":{\"@id\":\"https:\/\/nacaj.cz\/indie\/#website\"},\"primaryImageOfPage\":{\"@id\":\"https:\/\/nacaj.cz\/indie\/karolina-cestuje-po-indii\/#primaryimage\"},\"datePublished\":\"2025-06-16T06:11:22+00:00\",\"dateModified\":\"2025-12-15T07:51:37+00:00\",\"description\":\"Cestov\\u00e1n\\u00ed po ji\\u017en\\u00ed a jihov\\u00fdchodn\\u00ed Asii. Indie, Thajsko, Sr\\u00ed Lanka, Kambod\\u017ea, Vietnam. Karol\\u00edna Vesel\\u00e1 na cest\\u00e1ch exotikou.\",\"breadcrumb\":{\"@id\":\"https:\/\/nacaj.cz\/indie\/karolina-cestuje-po-indii\/#breadcrumb\"},\"inLanguage\":\"cs\",\"potentialAction\":[{\"@type\":\"ReadAction\",\"target\":[\"https:\/\/nacaj.cz\/indie\/karolina-cestuje-po-indii\/\"]}]},{\"@type\":\"BreadcrumbList\",\"@id\":\"https:\/\/nacaj.cz\/indie\/karolina-cestuje-po-indii\/#breadcrumb\",\"itemListElement\":[{\"@type\":\"ListItem\",\"position\":1,\"item\":{\"@type\":\"WebPage\",\"@id\":\"https:\/\/nacaj.cz\/indie\/\",\"url\":\"https:\/\/nacaj.cz\/indie\/\",\"name\":\"Dom\\u016f\"}},{\"@type\":\"ListItem\",\"position\":2,\"item\":{\"@id\":\"https:\/\/nacaj.cz\/indie\/karolina-cestuje-po-indii\/#webpage\"}}]}]}<\/script>\n<!-- \/ Yoast SEO plugin. -->","_links":{"self":[{"href":"https:\/\/nacaj.cz\/indie\/wp-json\/wp\/v2\/pages\/4882"}],"collection":[{"href":"https:\/\/nacaj.cz\/indie\/wp-json\/wp\/v2\/pages"}],"about":[{"href":"https:\/\/nacaj.cz\/indie\/wp-json\/wp\/v2\/types\/page"}],"author":[{"embeddable":true,"href":"https:\/\/nacaj.cz\/indie\/wp-json\/wp\/v2\/users\/1"}],"replies":[{"embeddable":true,"href":"https:\/\/nacaj.cz\/indie\/wp-json\/wp\/v2\/comments?post=4882"}],"version-history":[{"count":0,"href":"https:\/\/nacaj.cz\/indie\/wp-json\/wp\/v2\/pages\/4882\/revisions"}],"wp:featuredmedia":[{"embeddable":true,"href":"https:\/\/nacaj.cz\/indie\/wp-json\/wp\/v2\/media\/8579"}],"wp:attachment":[{"href":"https:\/\/nacaj.cz\/indie\/wp-json\/wp\/v2\/media?parent=4882"}],"curies":[{"name":"wp","href":"https:\/\/api.w.org\/{rel}","templated":true}]}}